{"id":25009,"date":"2020-08-13T10:38:28","date_gmt":"2020-08-13T08:38:28","guid":{"rendered":"http:\/\/www.luigiaccattoli.it\/blog\/?page_id=25009"},"modified":"2021-04-26T19:43:18","modified_gmt":"2021-04-26T17:43:18","slug":"22-storie-di-pandemia","status":"publish","type":"page","link":"http:\/\/www.luigiaccattoli.it\/blog\/cerco-fatti-di-vangelo\/22-storie-di-pandemia\/","title":{"rendered":"22. Storie di pandemia"},"content":{"rendered":"\n<p>Raccolgo sotto questo titolo storie di morti, di guariti che hanno sperimentato terapie invasive, di persone che si sono distinte nel lavoro ospedaliero, nel soccorso a domicilio e in altre attivit\u00e0 professionali e di volontariato in risposta all&#8217;emergenza provocata dal Covid &#8211; 19<\/p>\n\n\n\n<p><strong>Covid 19 e Fatti di Vangelo &#8211; presentazione della ricerca<\/strong><br>Ho scritto per la rivista &#8220;Il Regno&#8221; una presentazione del progetto che vado costruendo. Puoi leggerla <a style=\"font-size: inherit;\" href=\"http:\/\/www.ilregno.it\/attualita\/2020\/20\/vangelo-e-pandemia-luigi-accattoli\" target=\"_blank\" rel=\"noopener\">qui<\/a><\/p>\n\n\n\n<figure class=\"wp-block-embed is-type-wp-embed is-provider-il-blog-di-luigi-accattoli wp-block-embed-il-blog-di-luigi-accattoli\"><div class=\"wp-block-embed__wrapper\">\n<blockquote class=\"wp-embedded-content\" data-secret=\"gwv1D9qMDr\"><a href=\"http:\/\/www.luigiaccattoli.it\/blog\/mauro-bartoli-la-famiglia-mi-ha-dato-la-forza-di-non-abbandonarmi-alla-morte\/\">Mauro Bartoli: &#8220;La famiglia mi ha dato la forza di non abbandonarmi alla morte\u201d<\/a><\/blockquote><iframe loading=\"lazy\" class=\"wp-embedded-content\" sandbox=\"allow-scripts\" security=\"restricted\" style=\"position: absolute; clip: rect(1px, 1px, 1px, 1px);\" title=\"&#8220;Mauro Bartoli: &#8220;La famiglia mi ha dato la forza di non abbandonarmi alla morte\u201d&#8221; &#8212; Il blog di Luigi Accattoli\" src=\"http:\/\/www.luigiaccattoli.it\/blog\/mauro-bartoli-la-famiglia-mi-ha-dato-la-forza-di-non-abbandonarmi-alla-morte\/embed\/#?secret=y3QglZwsXM#?secret=gwv1D9qMDr\" data-secret=\"gwv1D9qMDr\" width=\"500\" height=\"282\" frameborder=\"0\" marginwidth=\"0\" marginheight=\"0\" scrolling=\"no\"><\/iframe>\n<\/div><\/figure>\n\n\n\n<figure class=\"wp-block-embed is-type-wp-embed is-provider-il-blog-di-luigi-accattoli wp-block-embed-il-blog-di-luigi-accattoli\"><div class=\"wp-block-embed__wrapper\">\n<blockquote class=\"wp-embedded-content\" data-secret=\"422VZzBxdz\"><a href=\"http:\/\/www.luigiaccattoli.it\/blog\/lino-zatelli-con-il-virus-ti-viene-facile-il-pianto\/\">Lino Zatelli: \u201cCon il virus ti viene facile il pianto\u201d<\/a><\/blockquote><iframe loading=\"lazy\" class=\"wp-embedded-content\" sandbox=\"allow-scripts\" security=\"restricted\" style=\"position: absolute; clip: rect(1px, 1px, 1px, 1px);\" title=\"&#8220;Lino Zatelli: \u201cCon il virus ti viene facile il pianto\u201d&#8221; &#8212; Il blog di Luigi Accattoli\" src=\"http:\/\/www.luigiaccattoli.it\/blog\/lino-zatelli-con-il-virus-ti-viene-facile-il-pianto\/embed\/#?secret=j8nh0uxsi3#?secret=422VZzBxdz\" data-secret=\"422VZzBxdz\" width=\"500\" height=\"282\" frameborder=\"0\" marginwidth=\"0\" marginheight=\"0\" scrolling=\"no\"><\/iframe>\n<\/div><\/figure>\n\n\n\n<figure class=\"wp-block-embed is-type-wp-embed is-provider-il-blog-di-luigi-accattoli wp-block-embed-il-blog-di-luigi-accattoli\"><div class=\"wp-block-embed__wrapper\">\n<blockquote class=\"wp-embedded-content\" data-secret=\"rlCBdLytGP\"><a href=\"http:\/\/www.luigiaccattoli.it\/blog\/fabrizio-battaglion-il-covid-e-unesperienza-che-ti-cambia-profondamente\/\">Fabrizio Battaglion: \u201cIl Covid \u00e8 un\u2019esperienza che ti cambia profondamente\u201d<\/a><\/blockquote><iframe loading=\"lazy\" class=\"wp-embedded-content\" sandbox=\"allow-scripts\" security=\"restricted\" style=\"position: absolute; clip: rect(1px, 1px, 1px, 1px);\" title=\"&#8220;Fabrizio Battaglion: \u201cIl Covid \u00e8 un\u2019esperienza che ti cambia profondamente\u201d&#8221; &#8212; Il blog di Luigi Accattoli\" src=\"http:\/\/www.luigiaccattoli.it\/blog\/fabrizio-battaglion-il-covid-e-unesperienza-che-ti-cambia-profondamente\/embed\/#?secret=naUQlnFpDB#?secret=rlCBdLytGP\" data-secret=\"rlCBdLytGP\" width=\"500\" height=\"282\" frameborder=\"0\" marginwidth=\"0\" marginheight=\"0\" scrolling=\"no\"><\/iframe>\n<\/div><\/figure>\n\n\n\n<figure class=\"wp-block-embed is-type-wp-embed is-provider-il-blog-di-luigi-accattoli wp-block-embed-il-blog-di-luigi-accattoli\"><div class=\"wp-block-embed__wrapper\">\n<blockquote class=\"wp-embedded-content\" data-secret=\"64C3OEMRQc\"><a href=\"http:\/\/www.luigiaccattoli.it\/blog\/roberto-rosa-con-la-preghiera-ho-vinto-la-paura-della-morte\/\">Roberto Rosa: \u201cCon la preghiera ho vinto la paura della morte\u201d<\/a><\/blockquote><iframe loading=\"lazy\" class=\"wp-embedded-content\" sandbox=\"allow-scripts\" security=\"restricted\" style=\"position: absolute; clip: rect(1px, 1px, 1px, 1px);\" title=\"&#8220;Roberto Rosa: \u201cCon la preghiera ho vinto la paura della morte\u201d&#8221; &#8212; Il blog di Luigi Accattoli\" src=\"http:\/\/www.luigiaccattoli.it\/blog\/roberto-rosa-con-la-preghiera-ho-vinto-la-paura-della-morte\/embed\/#?secret=RuEAwMtrF8#?secret=64C3OEMRQc\" data-secret=\"64C3OEMRQc\" width=\"500\" height=\"282\" frameborder=\"0\" marginwidth=\"0\" marginheight=\"0\" scrolling=\"no\"><\/iframe>\n<\/div><\/figure>\n\n\n\n<figure class=\"wp-block-embed is-type-wp-embed is-provider-il-blog-di-luigi-accattoli wp-block-embed-il-blog-di-luigi-accattoli\"><div class=\"wp-block-embed__wrapper\">\n<blockquote class=\"wp-embedded-content\" data-secret=\"UdHsbDNacu\"><a href=\"http:\/\/www.luigiaccattoli.it\/blog\/26375-2\/\">Il mio amico Michelangelo Bartolo e il suo libro sul Covid \u201cCome un pesce rosso\u201d<\/a><\/blockquote><iframe loading=\"lazy\" class=\"wp-embedded-content\" sandbox=\"allow-scripts\" security=\"restricted\" style=\"position: absolute; clip: rect(1px, 1px, 1px, 1px);\" title=\"&#8220;Il mio amico Michelangelo Bartolo e il suo libro sul Covid \u201cCome un pesce rosso\u201d&#8221; &#8212; Il blog di Luigi Accattoli\" src=\"http:\/\/www.luigiaccattoli.it\/blog\/26375-2\/embed\/#?secret=RJeru9uKvr#?secret=UdHsbDNacu\" data-secret=\"UdHsbDNacu\" width=\"500\" height=\"282\" frameborder=\"0\" marginwidth=\"0\" marginheight=\"0\" scrolling=\"no\"><\/iframe>\n<\/div><\/figure>\n\n\n\n<figure class=\"wp-block-embed is-type-wp-embed is-provider-il-blog-di-luigi-accattoli wp-block-embed-il-blog-di-luigi-accattoli\"><div class=\"wp-block-embed__wrapper\">\n<blockquote class=\"wp-embedded-content\" data-secret=\"MKiY1zfPmf\"><a href=\"http:\/\/www.luigiaccattoli.it\/blog\/angelo-de-donatis-ho-sentito-il-sostegno-orante-della-comunita\/\">Angelo De Donatis: ho sentito il sostegno orante della comunit\u00e0<\/a><\/blockquote><iframe loading=\"lazy\" class=\"wp-embedded-content\" sandbox=\"allow-scripts\" security=\"restricted\" style=\"position: absolute; clip: rect(1px, 1px, 1px, 1px);\" title=\"&#8220;Angelo De Donatis: ho sentito il sostegno orante della comunit\u00e0&#8221; &#8212; Il blog di Luigi Accattoli\" src=\"http:\/\/www.luigiaccattoli.it\/blog\/angelo-de-donatis-ho-sentito-il-sostegno-orante-della-comunita\/embed\/#?secret=yL8KFLbDlj#?secret=MKiY1zfPmf\" data-secret=\"MKiY1zfPmf\" width=\"500\" height=\"282\" frameborder=\"0\" marginwidth=\"0\" marginheight=\"0\" scrolling=\"no\"><\/iframe>\n<\/div><\/figure>\n\n\n\n<figure class=\"wp-block-embed is-type-wp-embed is-provider-il-blog-di-luigi-accattoli wp-block-embed-il-blog-di-luigi-accattoli\"><div class=\"wp-block-embed__wrapper\">\n<blockquote class=\"wp-embedded-content\" data-secret=\"5saLdon6uc\"><a href=\"http:\/\/www.luigiaccattoli.it\/blog\/don-cristiano-che-porta-la-croce-e-lulivo-a-ogni-portone\/\">Don Cristiano che porta la croce e l\u2019ulivo a ogni portone<\/a><\/blockquote><iframe loading=\"lazy\" class=\"wp-embedded-content\" sandbox=\"allow-scripts\" security=\"restricted\" style=\"position: absolute; clip: rect(1px, 1px, 1px, 1px);\" title=\"&#8220;Don Cristiano che porta la croce e l\u2019ulivo a ogni portone&#8221; &#8212; Il blog di Luigi Accattoli\" src=\"http:\/\/www.luigiaccattoli.it\/blog\/don-cristiano-che-porta-la-croce-e-lulivo-a-ogni-portone\/embed\/#?secret=PBS2P3JUM2#?secret=5saLdon6uc\" data-secret=\"5saLdon6uc\" width=\"500\" height=\"282\" frameborder=\"0\" marginwidth=\"0\" marginheight=\"0\" scrolling=\"no\"><\/iframe>\n<\/div><\/figure>\n\n\n\n<figure class=\"wp-block-embed is-type-wp-embed is-provider-il-blog-di-luigi-accattoli wp-block-embed-il-blog-di-luigi-accattoli\"><div class=\"wp-block-embed__wrapper\">\n<blockquote class=\"wp-embedded-content\" data-secret=\"2SHBMa45rS\"><a href=\"http:\/\/www.luigiaccattoli.it\/blog\/andrea-zanotti-racconta-il-suo-viaggio-estremo-ai-confini-della-vita\/\">Andrea Zanotti racconta il suo viaggio estremo ai confini della vita<\/a><\/blockquote><iframe loading=\"lazy\" class=\"wp-embedded-content\" sandbox=\"allow-scripts\" security=\"restricted\" style=\"position: absolute; clip: rect(1px, 1px, 1px, 1px);\" title=\"&#8220;Andrea Zanotti racconta il suo viaggio estremo ai confini della vita&#8221; &#8212; Il blog di Luigi Accattoli\" src=\"http:\/\/www.luigiaccattoli.it\/blog\/andrea-zanotti-racconta-il-suo-viaggio-estremo-ai-confini-della-vita\/embed\/#?secret=4X6e50u4J3#?secret=2SHBMa45rS\" data-secret=\"2SHBMa45rS\" width=\"500\" height=\"282\" frameborder=\"0\" marginwidth=\"0\" marginheight=\"0\" scrolling=\"no\"><\/iframe>\n<\/div><\/figure>\n\n\n\n<figure class=\"wp-block-embed is-type-wp-embed is-provider-il-blog-di-luigi-accattoli wp-block-embed-il-blog-di-luigi-accattoli\"><div class=\"wp-block-embed__wrapper\">\n<blockquote class=\"wp-embedded-content\" data-secret=\"djYGqzQO6V\"><a href=\"http:\/\/www.luigiaccattoli.it\/blog\/anita-che-chiedeva-quando-arrivera-il-vaccino-2\/\">Anita che chiedeva: \u201cQuando arriver\u00e0 il vaccino?\u201d<\/a><\/blockquote><iframe loading=\"lazy\" class=\"wp-embedded-content\" sandbox=\"allow-scripts\" security=\"restricted\" style=\"position: absolute; clip: rect(1px, 1px, 1px, 1px);\" title=\"&#8220;Anita che chiedeva: \u201cQuando arriver\u00e0 il vaccino?\u201d&#8221; &#8212; Il blog di Luigi Accattoli\" src=\"http:\/\/www.luigiaccattoli.it\/blog\/anita-che-chiedeva-quando-arrivera-il-vaccino-2\/embed\/#?secret=8G7kMeLw5l#?secret=djYGqzQO6V\" data-secret=\"djYGqzQO6V\" width=\"500\" height=\"282\" frameborder=\"0\" marginwidth=\"0\" marginheight=\"0\" scrolling=\"no\"><\/iframe>\n<\/div><\/figure>\n\n\n\n<figure class=\"wp-block-embed is-type-wp-embed is-provider-il-blog-di-luigi-accattoli wp-block-embed-il-blog-di-luigi-accattoli\"><div class=\"wp-block-embed__wrapper\">\n<blockquote class=\"wp-embedded-content\" data-secret=\"9NVa3Jo6SK\"><a href=\"http:\/\/www.luigiaccattoli.it\/blog\/passato-per-tutte-le-pene-del-covid-leo-ringrazia-il-cielo\/\">Passato per tutte le pene del Covid                 Leo ringrazia il Cielo<\/a><\/blockquote><iframe loading=\"lazy\" class=\"wp-embedded-content\" sandbox=\"allow-scripts\" security=\"restricted\" style=\"position: absolute; clip: rect(1px, 1px, 1px, 1px);\" title=\"&#8220;Passato per tutte le pene del Covid                 Leo ringrazia il Cielo&#8221; &#8212; Il blog di Luigi Accattoli\" src=\"http:\/\/www.luigiaccattoli.it\/blog\/passato-per-tutte-le-pene-del-covid-leo-ringrazia-il-cielo\/embed\/#?secret=bQcD5R1k6S#?secret=9NVa3Jo6SK\" data-secret=\"9NVa3Jo6SK\" width=\"500\" height=\"282\" frameborder=\"0\" marginwidth=\"0\" marginheight=\"0\" scrolling=\"no\"><\/iframe>\n<\/div><\/figure>\n\n\n\n<figure class=\"wp-block-embed is-type-wp-embed is-provider-il-blog-di-luigi-accattoli wp-block-embed-il-blog-di-luigi-accattoli\"><div class=\"wp-block-embed__wrapper\">\n<blockquote class=\"wp-embedded-content\" data-secret=\"ykyPEHHvF5\"><a href=\"http:\/\/www.luigiaccattoli.it\/blog\/william-agli-altri-malati-reagite-perche-e-bello-stare-qua\/\">William agli altri malati: \u201cReagite perch\u00e9 \u00e8 bello stare qua\u201d<\/a><\/blockquote><iframe loading=\"lazy\" class=\"wp-embedded-content\" sandbox=\"allow-scripts\" security=\"restricted\" style=\"position: absolute; clip: rect(1px, 1px, 1px, 1px);\" title=\"&#8220;William agli altri malati: \u201cReagite perch\u00e9 \u00e8 bello stare qua\u201d&#8221; &#8212; Il blog di Luigi Accattoli\" src=\"http:\/\/www.luigiaccattoli.it\/blog\/william-agli-altri-malati-reagite-perche-e-bello-stare-qua\/embed\/#?secret=418vlUshuU#?secret=ykyPEHHvF5\" data-secret=\"ykyPEHHvF5\" width=\"500\" height=\"282\" frameborder=\"0\" marginwidth=\"0\" marginheight=\"0\" scrolling=\"no\"><\/iframe>\n<\/div><\/figure>\n\n\n\n<figure class=\"wp-block-embed is-type-wp-embed is-provider-il-blog-di-luigi-accattoli wp-block-embed-il-blog-di-luigi-accattoli\"><div class=\"wp-block-embed__wrapper\">\n<blockquote class=\"wp-embedded-content\" data-secret=\"14pSf19x5q\"><a href=\"http:\/\/www.luigiaccattoli.it\/blog\/dallospedale-la-dottoressa-samar-affida-i-pazienti-al-figlio\/\">Dall\u2019ospedale la dottoressa Samar affida i pazienti al figlio<\/a><\/blockquote><iframe loading=\"lazy\" class=\"wp-embedded-content\" sandbox=\"allow-scripts\" security=\"restricted\" style=\"position: absolute; clip: rect(1px, 1px, 1px, 1px);\" title=\"&#8220;Dall\u2019ospedale la dottoressa Samar affida i pazienti al figlio&#8221; &#8212; Il blog di Luigi Accattoli\" src=\"http:\/\/www.luigiaccattoli.it\/blog\/dallospedale-la-dottoressa-samar-affida-i-pazienti-al-figlio\/embed\/#?secret=LraGOiwLOM#?secret=14pSf19x5q\" data-secret=\"14pSf19x5q\" width=\"500\" height=\"282\" frameborder=\"0\" marginwidth=\"0\" marginheight=\"0\" scrolling=\"no\"><\/iframe>\n<\/div><\/figure>\n\n\n\n<figure class=\"wp-block-embed is-type-wp-embed is-provider-il-blog-di-luigi-accattoli wp-block-embed-il-blog-di-luigi-accattoli\"><div class=\"wp-block-embed__wrapper\">\n<blockquote class=\"wp-embedded-content\" data-secret=\"RjHroaT0TP\"><a href=\"http:\/\/www.luigiaccattoli.it\/blog\/cardinale-bassetti-sembrava-che-la-testa-scoppiasse\/\">Cardinale Bassetti: &#8220;Sembrava che la testa scoppiasse&#8221;<\/a><\/blockquote><iframe loading=\"lazy\" class=\"wp-embedded-content\" sandbox=\"allow-scripts\" security=\"restricted\" style=\"position: absolute; clip: rect(1px, 1px, 1px, 1px);\" title=\"&#8220;Cardinale Bassetti: &#8220;Sembrava che la testa scoppiasse&#8221;&#8221; &#8212; Il blog di Luigi Accattoli\" src=\"http:\/\/www.luigiaccattoli.it\/blog\/cardinale-bassetti-sembrava-che-la-testa-scoppiasse\/embed\/#?secret=BZXG3XC5H6#?secret=RjHroaT0TP\" data-secret=\"RjHroaT0TP\" width=\"500\" height=\"282\" frameborder=\"0\" marginwidth=\"0\" marginheight=\"0\" scrolling=\"no\"><\/iframe>\n<\/div><\/figure>\n\n\n\n<figure class=\"wp-block-embed is-type-wp-embed is-provider-il-blog-di-luigi-accattoli wp-block-embed-il-blog-di-luigi-accattoli\"><div class=\"wp-block-embed__wrapper\">\n<blockquote class=\"wp-embedded-content\" data-secret=\"NR6UAfRwB1\"><a href=\"http:\/\/www.luigiaccattoli.it\/blog\/don-valerio-ricoverato-e-cappellano-clandestino-al-policlinico\/\">Don Valerio si fa cappellano clandestino al Policlinico<\/a><\/blockquote><iframe loading=\"lazy\" class=\"wp-embedded-content\" sandbox=\"allow-scripts\" security=\"restricted\" style=\"position: absolute; clip: rect(1px, 1px, 1px, 1px);\" title=\"&#8220;Don Valerio si fa cappellano clandestino al Policlinico&#8221; &#8212; Il blog di Luigi Accattoli\" src=\"http:\/\/www.luigiaccattoli.it\/blog\/don-valerio-ricoverato-e-cappellano-clandestino-al-policlinico\/embed\/#?secret=QLCtlGOJnU#?secret=NR6UAfRwB1\" data-secret=\"NR6UAfRwB1\" width=\"500\" height=\"282\" frameborder=\"0\" marginwidth=\"0\" marginheight=\"0\" scrolling=\"no\"><\/iframe>\n<\/div><\/figure>\n\n\n\n<figure class=\"wp-block-embed is-type-wp-embed is-provider-il-blog-di-luigi-accattoli wp-block-embed-il-blog-di-luigi-accattoli\"><div class=\"wp-block-embed__wrapper\">\n<blockquote class=\"wp-embedded-content\" data-secret=\"Z8lmBGk9zO\"><a href=\"http:\/\/www.luigiaccattoli.it\/blog\/giacomo-jon-di-voghera-saccomiata-con-un-sorriso\/\">Giacomo Jon di Voghera s\u2019accomiata con un sorriso<\/a><\/blockquote><iframe loading=\"lazy\" class=\"wp-embedded-content\" sandbox=\"allow-scripts\" security=\"restricted\" style=\"position: absolute; clip: rect(1px, 1px, 1px, 1px);\" title=\"&#8220;Giacomo Jon di Voghera s\u2019accomiata con un sorriso&#8221; &#8212; Il blog di Luigi Accattoli\" src=\"http:\/\/www.luigiaccattoli.it\/blog\/giacomo-jon-di-voghera-saccomiata-con-un-sorriso\/embed\/#?secret=WUBgYGMkUy#?secret=Z8lmBGk9zO\" data-secret=\"Z8lmBGk9zO\" width=\"500\" height=\"282\" frameborder=\"0\" marginwidth=\"0\" marginheight=\"0\" scrolling=\"no\"><\/iframe>\n<\/div><\/figure>\n\n\n\n<figure class=\"wp-block-embed is-type-wp-embed is-provider-il-blog-di-luigi-accattoli wp-block-embed-il-blog-di-luigi-accattoli\"><div class=\"wp-block-embed__wrapper\">\n<blockquote class=\"wp-embedded-content\" data-secret=\"ikpzSQpeSN\"><a href=\"http:\/\/www.luigiaccattoli.it\/blog\/lella-in-quei-giorni-del-covid-in-casa-non-ho-pregato\/\">Lella: &#8220;In quei giorni del Covid in casa non ho pregato&#8221;<\/a><\/blockquote><iframe loading=\"lazy\" class=\"wp-embedded-content\" sandbox=\"allow-scripts\" security=\"restricted\" style=\"position: absolute; clip: rect(1px, 1px, 1px, 1px);\" title=\"&#8220;Lella: &#8220;In quei giorni del Covid in casa non ho pregato&#8221;&#8221; &#8212; Il blog di Luigi Accattoli\" src=\"http:\/\/www.luigiaccattoli.it\/blog\/lella-in-quei-giorni-del-covid-in-casa-non-ho-pregato\/embed\/#?secret=OHrY4HANZQ#?secret=ikpzSQpeSN\" data-secret=\"ikpzSQpeSN\" width=\"500\" height=\"282\" frameborder=\"0\" marginwidth=\"0\" marginheight=\"0\" scrolling=\"no\"><\/iframe>\n<\/div><\/figure>\n\n\n\n<figure class=\"wp-block-embed is-type-wp-embed is-provider-il-blog-di-luigi-accattoli wp-block-embed-il-blog-di-luigi-accattoli\"><div class=\"wp-block-embed__wrapper\">\n<blockquote class=\"wp-embedded-content\" data-secret=\"9WYH440zr2\"><a href=\"http:\/\/www.luigiaccattoli.it\/blog\/sposati-da-63-anni-lui-muore-di-covid-unora-dopo-di-lei\/\">Sposati da 63 anni lui muore di Covid un\u2019ora dopo di lei<\/a><\/blockquote><iframe loading=\"lazy\" class=\"wp-embedded-content\" sandbox=\"allow-scripts\" security=\"restricted\" style=\"position: absolute; clip: rect(1px, 1px, 1px, 1px);\" title=\"&#8220;Sposati da 63 anni lui muore di Covid un\u2019ora dopo di lei&#8221; &#8212; Il blog di Luigi Accattoli\" src=\"http:\/\/www.luigiaccattoli.it\/blog\/sposati-da-63-anni-lui-muore-di-covid-unora-dopo-di-lei\/embed\/#?secret=NKn82TI83A#?secret=9WYH440zr2\" data-secret=\"9WYH440zr2\" width=\"500\" height=\"282\" frameborder=\"0\" marginwidth=\"0\" marginheight=\"0\" scrolling=\"no\"><\/iframe>\n<\/div><\/figure>\n\n\n\n<figure class=\"wp-block-embed is-type-wp-embed is-provider-il-blog-di-luigi-accattoli wp-block-embed-il-blog-di-luigi-accattoli\"><div class=\"wp-block-embed__wrapper\">\n<blockquote class=\"wp-embedded-content\" data-secret=\"4pwvsIDwjZ\"><a href=\"http:\/\/www.luigiaccattoli.it\/blog\/ministri-straordinari-delleucarestia-a-roma-e-a-buenos-aires\/\">Insoliti ministri dell&#8217;Eucarestia a Roma e a Buenos Aires<\/a><\/blockquote><iframe loading=\"lazy\" class=\"wp-embedded-content\" sandbox=\"allow-scripts\" security=\"restricted\" style=\"position: absolute; clip: rect(1px, 1px, 1px, 1px);\" title=\"&#8220;Insoliti ministri dell&#8217;Eucarestia a Roma e a Buenos Aires&#8221; &#8212; Il blog di Luigi Accattoli\" src=\"http:\/\/www.luigiaccattoli.it\/blog\/ministri-straordinari-delleucarestia-a-roma-e-a-buenos-aires\/embed\/#?secret=25pWGRTlKc#?secret=4pwvsIDwjZ\" data-secret=\"4pwvsIDwjZ\" width=\"500\" height=\"282\" frameborder=\"0\" marginwidth=\"0\" marginheight=\"0\" scrolling=\"no\"><\/iframe>\n<\/div><\/figure>\n\n\n\n<figure class=\"wp-block-embed is-type-wp-embed is-provider-il-blog-di-luigi-accattoli wp-block-embed-il-blog-di-luigi-accattoli\"><div class=\"wp-block-embed__wrapper\">\n<blockquote class=\"wp-embedded-content\" data-secret=\"69sTL3BnFW\"><a href=\"http:\/\/www.luigiaccattoli.it\/blog\/demetrio-da-vicenza-loda-lospedale-ma-ne-deplora-lattesa\/\">Demetrio da Vicenza loda l\u2019ospedale ma deplora il fai da te<\/a><\/blockquote><iframe loading=\"lazy\" class=\"wp-embedded-content\" sandbox=\"allow-scripts\" security=\"restricted\" style=\"position: absolute; clip: rect(1px, 1px, 1px, 1px);\" title=\"&#8220;Demetrio da Vicenza loda l\u2019ospedale ma deplora il fai da te&#8221; &#8212; Il blog di Luigi Accattoli\" src=\"http:\/\/www.luigiaccattoli.it\/blog\/demetrio-da-vicenza-loda-lospedale-ma-ne-deplora-lattesa\/embed\/#?secret=VjB8s5EjgM#?secret=69sTL3BnFW\" data-secret=\"69sTL3BnFW\" width=\"500\" height=\"282\" frameborder=\"0\" marginwidth=\"0\" marginheight=\"0\" scrolling=\"no\"><\/iframe>\n<\/div><\/figure>\n\n\n\n<figure class=\"wp-block-embed is-type-wp-embed is-provider-il-blog-di-luigi-accattoli wp-block-embed-il-blog-di-luigi-accattoli\"><div class=\"wp-block-embed__wrapper\">\n<blockquote class=\"wp-embedded-content\" data-secret=\"SEfeoyVs9y\"><a href=\"http:\/\/www.luigiaccattoli.it\/blog\/marco-perale-il-covid-ti-mette-davanti-allassoluto\/\">Marco Perale: il Covid ti mette davanti all&#8217;assoluto<\/a><\/blockquote><iframe loading=\"lazy\" class=\"wp-embedded-content\" sandbox=\"allow-scripts\" security=\"restricted\" style=\"position: absolute; clip: rect(1px, 1px, 1px, 1px);\" title=\"&#8220;Marco Perale: il Covid ti mette davanti all&#8217;assoluto&#8221; &#8212; Il blog di Luigi Accattoli\" src=\"http:\/\/www.luigiaccattoli.it\/blog\/marco-perale-il-covid-ti-mette-davanti-allassoluto\/embed\/#?secret=R2RcoARFoQ#?secret=SEfeoyVs9y\" data-secret=\"SEfeoyVs9y\" width=\"500\" height=\"282\" frameborder=\"0\" marginwidth=\"0\" marginheight=\"0\" scrolling=\"no\"><\/iframe>\n<\/div><\/figure>\n\n\n\n<figure class=\"wp-block-embed is-type-wp-embed is-provider-il-blog-di-luigi-accattoli wp-block-embed-il-blog-di-luigi-accattoli\"><div class=\"wp-block-embed__wrapper\">\n<blockquote class=\"wp-embedded-content\" data-secret=\"9hbh0NxKl1\"><a href=\"http:\/\/www.luigiaccattoli.it\/blog\/carola-che-chiede-a-dio-ci-sei-o-non-ci-sei\/\">Carola che chiede a Dio: \u201cCi sei o non ci sei?\u201d<\/a><\/blockquote><iframe loading=\"lazy\" class=\"wp-embedded-content\" sandbox=\"allow-scripts\" security=\"restricted\" style=\"position: absolute; clip: rect(1px, 1px, 1px, 1px);\" title=\"&#8220;Carola che chiede a Dio: \u201cCi sei o non ci sei?\u201d&#8221; &#8212; Il blog di Luigi Accattoli\" src=\"http:\/\/www.luigiaccattoli.it\/blog\/carola-che-chiede-a-dio-ci-sei-o-non-ci-sei\/embed\/#?secret=LiiiNRP0Q1#?secret=9hbh0NxKl1\" data-secret=\"9hbh0NxKl1\" width=\"500\" height=\"282\" frameborder=\"0\" marginwidth=\"0\" marginheight=\"0\" scrolling=\"no\"><\/iframe>\n<\/div><\/figure>\n\n\n\n<figure class=\"wp-block-embed is-type-wp-embed is-provider-il-blog-di-luigi-accattoli wp-block-embed-il-blog-di-luigi-accattoli\"><div class=\"wp-block-embed__wrapper\">\n<blockquote class=\"wp-embedded-content\" data-secret=\"nmjArmCfVS\"><a href=\"http:\/\/www.luigiaccattoli.it\/blog\/conviventi-da-27-anni-si-sposano-dopo-il-trauma-del-covid\/\">Conviventi da 27 anni si sposano dopo il trauma del Covid<\/a><\/blockquote><iframe loading=\"lazy\" class=\"wp-embedded-content\" sandbox=\"allow-scripts\" security=\"restricted\" style=\"position: absolute; clip: rect(1px, 1px, 1px, 1px);\" title=\"&#8220;Conviventi da 27 anni si sposano dopo il trauma del Covid&#8221; &#8212; Il blog di Luigi Accattoli\" src=\"http:\/\/www.luigiaccattoli.it\/blog\/conviventi-da-27-anni-si-sposano-dopo-il-trauma-del-covid\/embed\/#?secret=i4fJJpGQE4#?secret=nmjArmCfVS\" data-secret=\"nmjArmCfVS\" width=\"500\" height=\"282\" frameborder=\"0\" marginwidth=\"0\" marginheight=\"0\" scrolling=\"no\"><\/iframe>\n<\/div><\/figure>\n\n\n\n<figure class=\"wp-block-embed is-type-wp-embed is-provider-il-blog-di-luigi-accattoli wp-block-embed-il-blog-di-luigi-accattoli\"><div class=\"wp-block-embed__wrapper\">\n<blockquote class=\"wp-embedded-content\" data-secret=\"UT5dCRRUtQ\"><a href=\"http:\/\/www.luigiaccattoli.it\/blog\/prete-morto-di-covid-la-notte-avanza-e-dio-non-viene\/\">Prete morto di Covid: &#8220;La notte avanza e Dio non viene&#8221;<\/a><\/blockquote><iframe loading=\"lazy\" class=\"wp-embedded-content\" sandbox=\"allow-scripts\" security=\"restricted\" style=\"position: absolute; clip: rect(1px, 1px, 1px, 1px);\" title=\"&#8220;Prete morto di Covid: &#8220;La notte avanza e Dio non viene&#8221;&#8221; &#8212; Il blog di Luigi Accattoli\" src=\"http:\/\/www.luigiaccattoli.it\/blog\/prete-morto-di-covid-la-notte-avanza-e-dio-non-viene\/embed\/#?secret=c0QsY8GZDe#?secret=UT5dCRRUtQ\" data-secret=\"UT5dCRRUtQ\" width=\"500\" height=\"282\" frameborder=\"0\" marginwidth=\"0\" marginheight=\"0\" scrolling=\"no\"><\/iframe>\n<\/div><\/figure>\n\n\n\n<figure class=\"wp-block-embed is-type-wp-embed is-provider-il-blog-di-luigi-accattoli wp-block-embed-il-blog-di-luigi-accattoli\"><div class=\"wp-block-embed__wrapper\">\n<blockquote class=\"wp-embedded-content\" data-secret=\"a35tHu0poy\"><a href=\"http:\/\/www.luigiaccattoli.it\/blog\/fabio-ad-elena-intubata-mi-batte-forte-il-tuo-cuore\/\">Fabio a Elena intubata: mi batte forte il tuo cuore<\/a><\/blockquote><iframe loading=\"lazy\" class=\"wp-embedded-content\" sandbox=\"allow-scripts\" security=\"restricted\" style=\"position: absolute; clip: rect(1px, 1px, 1px, 1px);\" title=\"&#8220;Fabio a Elena intubata: mi batte forte il tuo cuore&#8221; &#8212; Il blog di Luigi Accattoli\" src=\"http:\/\/www.luigiaccattoli.it\/blog\/fabio-ad-elena-intubata-mi-batte-forte-il-tuo-cuore\/embed\/#?secret=zIIOCtBNuk#?secret=a35tHu0poy\" data-secret=\"a35tHu0poy\" width=\"500\" height=\"282\" frameborder=\"0\" marginwidth=\"0\" marginheight=\"0\" scrolling=\"no\"><\/iframe>\n<\/div><\/figure>\n\n\n\n<figure class=\"wp-block-embed is-type-wp-embed is-provider-il-blog-di-luigi-accattoli wp-block-embed-il-blog-di-luigi-accattoli\"><div class=\"wp-block-embed__wrapper\">\n<blockquote class=\"wp-embedded-content\" data-secret=\"Ga42wzhRIN\"><a href=\"http:\/\/www.luigiaccattoli.it\/blog\/don-roberto-narra-la-sua-esperienza-sconvolgente\/\">Don Roberto narra la sua &#8220;esperienza sconvolgente&#8221;<\/a><\/blockquote><iframe loading=\"lazy\" class=\"wp-embedded-content\" sandbox=\"allow-scripts\" security=\"restricted\" style=\"position: absolute; clip: rect(1px, 1px, 1px, 1px);\" title=\"&#8220;Don Roberto narra la sua &#8220;esperienza sconvolgente&#8221;&#8221; &#8212; Il blog di Luigi Accattoli\" src=\"http:\/\/www.luigiaccattoli.it\/blog\/don-roberto-narra-la-sua-esperienza-sconvolgente\/embed\/#?secret=589iEsFJyl#?secret=Ga42wzhRIN\" data-secret=\"Ga42wzhRIN\" width=\"500\" height=\"282\" frameborder=\"0\" marginwidth=\"0\" marginheight=\"0\" scrolling=\"no\"><\/iframe>\n<\/div><\/figure>\n\n\n\n<figure class=\"wp-block-embed is-type-wp-embed is-provider-il-blog-di-luigi-accattoli wp-block-embed-il-blog-di-luigi-accattoli\"><div class=\"wp-block-embed__wrapper\">\n<blockquote class=\"wp-embedded-content\" data-secret=\"NfODNoKq4b\"><a href=\"http:\/\/www.luigiaccattoli.it\/blog\/dio-e-la-famiglia-mi-hanno-dato-la-forza-per-guarire\/\">Dio e la famiglia mi hanno dato la forza per guarire<\/a><\/blockquote><iframe loading=\"lazy\" class=\"wp-embedded-content\" sandbox=\"allow-scripts\" security=\"restricted\" style=\"position: absolute; clip: rect(1px, 1px, 1px, 1px);\" title=\"&#8220;Dio e la famiglia mi hanno dato la forza per guarire&#8221; &#8212; Il blog di Luigi Accattoli\" src=\"http:\/\/www.luigiaccattoli.it\/blog\/dio-e-la-famiglia-mi-hanno-dato-la-forza-per-guarire\/embed\/#?secret=asG6s6UgYt#?secret=NfODNoKq4b\" data-secret=\"NfODNoKq4b\" width=\"500\" height=\"282\" frameborder=\"0\" marginwidth=\"0\" marginheight=\"0\" scrolling=\"no\"><\/iframe>\n<\/div><\/figure>\n\n\n\n<figure class=\"wp-block-embed is-type-wp-embed is-provider-il-blog-di-luigi-accattoli wp-block-embed-il-blog-di-luigi-accattoli\"><div class=\"wp-block-embed__wrapper\">\n<blockquote class=\"wp-embedded-content\" data-secret=\"5lI8MmrEQ8\"><a href=\"http:\/\/www.luigiaccattoli.it\/blog\/il-padre-salvatore-da-morituro-a-commendatore\/\">Il padre Salvatore da morituro a commendatore<\/a><\/blockquote><iframe loading=\"lazy\" class=\"wp-embedded-content\" sandbox=\"allow-scripts\" security=\"restricted\" style=\"position: absolute; clip: rect(1px, 1px, 1px, 1px);\" title=\"&#8220;Il padre Salvatore da morituro a commendatore&#8221; &#8212; Il blog di Luigi Accattoli\" src=\"http:\/\/www.luigiaccattoli.it\/blog\/il-padre-salvatore-da-morituro-a-commendatore\/embed\/#?secret=uU4HpI6lGf#?secret=5lI8MmrEQ8\" data-secret=\"5lI8MmrEQ8\" width=\"500\" height=\"282\" frameborder=\"0\" marginwidth=\"0\" marginheight=\"0\" scrolling=\"no\"><\/iframe>\n<\/div><\/figure>\n\n\n\n<figure class=\"wp-block-embed is-type-wp-embed is-provider-il-blog-di-luigi-accattoli wp-block-embed-il-blog-di-luigi-accattoli\"><div class=\"wp-block-embed__wrapper\">\n<blockquote class=\"wp-embedded-content\" data-secret=\"Xczd0e4h7v\"><a href=\"http:\/\/www.luigiaccattoli.it\/blog\/don-luigi-ringrazia-per-il-fatto-che-io-respiri-ancora-con-voi\/\">Don Luigi: \u00e8 una grazia il fatto che io respiri ancora con voi<\/a><\/blockquote><iframe loading=\"lazy\" class=\"wp-embedded-content\" sandbox=\"allow-scripts\" security=\"restricted\" style=\"position: absolute; clip: rect(1px, 1px, 1px, 1px);\" title=\"&#8220;Don Luigi: \u00e8 una grazia il fatto che io respiri ancora con voi&#8221; &#8212; Il blog di Luigi Accattoli\" src=\"http:\/\/www.luigiaccattoli.it\/blog\/don-luigi-ringrazia-per-il-fatto-che-io-respiri-ancora-con-voi\/embed\/#?secret=Zb22ATTUY8#?secret=Xczd0e4h7v\" data-secret=\"Xczd0e4h7v\" width=\"500\" height=\"282\" frameborder=\"0\" marginwidth=\"0\" marginheight=\"0\" scrolling=\"no\"><\/iframe>\n<\/div><\/figure>\n\n\n\n<figure class=\"wp-block-embed is-type-wp-embed is-provider-il-blog-di-luigi-accattoli wp-block-embed-il-blog-di-luigi-accattoli\"><div class=\"wp-block-embed__wrapper\">\n<blockquote class=\"wp-embedded-content\" data-secret=\"pEiKYEu8nH\"><a href=\"http:\/\/www.luigiaccattoli.it\/blog\/matteo-si-ricovera-con-lo-zio-down-per-non-lasciarlo-solo\/\">Matteo si ricovera con lo zio down per non lasciarlo solo<\/a><\/blockquote><iframe loading=\"lazy\" class=\"wp-embedded-content\" sandbox=\"allow-scripts\" security=\"restricted\" style=\"position: absolute; clip: rect(1px, 1px, 1px, 1px);\" title=\"&#8220;Matteo si ricovera con lo zio down per non lasciarlo solo&#8221; &#8212; Il blog di Luigi Accattoli\" src=\"http:\/\/www.luigiaccattoli.it\/blog\/matteo-si-ricovera-con-lo-zio-down-per-non-lasciarlo-solo\/embed\/#?secret=WBXLz6hlTI#?secret=pEiKYEu8nH\" data-secret=\"pEiKYEu8nH\" width=\"500\" height=\"282\" frameborder=\"0\" marginwidth=\"0\" marginheight=\"0\" scrolling=\"no\"><\/iframe>\n<\/div><\/figure>\n\n\n\n<figure class=\"wp-block-embed is-type-wp-embed is-provider-il-blog-di-luigi-accattoli wp-block-embed-il-blog-di-luigi-accattoli\"><div class=\"wp-block-embed__wrapper\">\n<blockquote class=\"wp-embedded-content\" data-secret=\"VyIXiBweK0\"><a href=\"http:\/\/www.luigiaccattoli.it\/blog\/il-comboniano-manuel-joao-e-il-suo-grido-sulle-morti-ingiuste\/\">Manuel Jo\u00e3o e il suo grido sulle morti ingiuste da Covid<\/a><\/blockquote><iframe loading=\"lazy\" class=\"wp-embedded-content\" sandbox=\"allow-scripts\" security=\"restricted\" style=\"position: absolute; clip: rect(1px, 1px, 1px, 1px);\" title=\"&#8220;Manuel Jo\u00e3o e il suo grido sulle morti ingiuste da Covid&#8221; &#8212; Il blog di Luigi Accattoli\" src=\"http:\/\/www.luigiaccattoli.it\/blog\/il-comboniano-manuel-joao-e-il-suo-grido-sulle-morti-ingiuste\/embed\/#?secret=c7y6Y9wElz#?secret=VyIXiBweK0\" data-secret=\"VyIXiBweK0\" width=\"500\" height=\"282\" frameborder=\"0\" marginwidth=\"0\" marginheight=\"0\" scrolling=\"no\"><\/iframe>\n<\/div><\/figure>\n\n\n\n<figure class=\"wp-block-embed is-type-wp-embed is-provider-il-blog-di-luigi-accattoli wp-block-embed-il-blog-di-luigi-accattoli\"><div class=\"wp-block-embed__wrapper\">\n<blockquote class=\"wp-embedded-content\" data-secret=\"W0A6wllxN1\"><a href=\"http:\/\/www.luigiaccattoli.it\/blog\/dottore-non-perda-tempo-con-me-ho-novantanni\/\">&#8220;Dottore non perda tempo con me: ho novant\u2019anni&#8221;<\/a><\/blockquote><iframe loading=\"lazy\" class=\"wp-embedded-content\" sandbox=\"allow-scripts\" security=\"restricted\" style=\"position: absolute; clip: rect(1px, 1px, 1px, 1px);\" title=\"&#8220;&#8220;Dottore non perda tempo con me: ho novant\u2019anni&#8221;&#8221; &#8212; Il blog di Luigi Accattoli\" src=\"http:\/\/www.luigiaccattoli.it\/blog\/dottore-non-perda-tempo-con-me-ho-novantanni\/embed\/#?secret=JSSoYIGDXH#?secret=W0A6wllxN1\" data-secret=\"W0A6wllxN1\" width=\"500\" height=\"282\" frameborder=\"0\" marginwidth=\"0\" marginheight=\"0\" scrolling=\"no\"><\/iframe>\n<\/div><\/figure>\n\n\n\n<figure class=\"wp-block-embed is-type-wp-embed is-provider-il-blog-di-luigi-accattoli wp-block-embed-il-blog-di-luigi-accattoli\"><div class=\"wp-block-embed__wrapper\">\n<blockquote class=\"wp-embedded-content\" data-secret=\"sUEWnX6Kmg\"><a href=\"http:\/\/www.luigiaccattoli.it\/blog\/giacomo-cerca-volontari-giovani-per-sostituire-gli-anziani\/\">Giacomo cerca volontari giovani per sostituire gli anziani<\/a><\/blockquote><iframe loading=\"lazy\" class=\"wp-embedded-content\" sandbox=\"allow-scripts\" security=\"restricted\" style=\"position: absolute; clip: rect(1px, 1px, 1px, 1px);\" title=\"&#8220;Giacomo cerca volontari giovani per sostituire gli anziani&#8221; &#8212; Il blog di Luigi Accattoli\" src=\"http:\/\/www.luigiaccattoli.it\/blog\/giacomo-cerca-volontari-giovani-per-sostituire-gli-anziani\/embed\/#?secret=CjgxdDEuqv#?secret=sUEWnX6Kmg\" data-secret=\"sUEWnX6Kmg\" width=\"500\" height=\"282\" frameborder=\"0\" marginwidth=\"0\" marginheight=\"0\" scrolling=\"no\"><\/iframe>\n<\/div><\/figure>\n\n\n\n<figure class=\"wp-block-embed is-type-wp-embed is-provider-il-blog-di-luigi-accattoli wp-block-embed-il-blog-di-luigi-accattoli\"><div class=\"wp-block-embed__wrapper\">\n<blockquote class=\"wp-embedded-content\" data-secret=\"TIXm7m5Xr1\"><a href=\"http:\/\/www.luigiaccattoli.it\/blog\/fra-serafino-che-vive-come-in-sogno-la-terapia-intensiva\/\">Fra Serafino che vive \u201ccome in sogno\u201d la terapia intensiva<\/a><\/blockquote><iframe loading=\"lazy\" class=\"wp-embedded-content\" sandbox=\"allow-scripts\" security=\"restricted\" style=\"position: absolute; clip: rect(1px, 1px, 1px, 1px);\" title=\"&#8220;Fra Serafino che vive \u201ccome in sogno\u201d la terapia intensiva&#8221; &#8212; Il blog di Luigi Accattoli\" src=\"http:\/\/www.luigiaccattoli.it\/blog\/fra-serafino-che-vive-come-in-sogno-la-terapia-intensiva\/embed\/#?secret=CoFKDfMSay#?secret=TIXm7m5Xr1\" data-secret=\"TIXm7m5Xr1\" width=\"500\" height=\"282\" frameborder=\"0\" marginwidth=\"0\" marginheight=\"0\" scrolling=\"no\"><\/iframe>\n<\/div><\/figure>\n\n\n\n<figure class=\"wp-block-embed is-type-wp-embed is-provider-il-blog-di-luigi-accattoli wp-block-embed-il-blog-di-luigi-accattoli\"><div class=\"wp-block-embed__wrapper\">\n<blockquote class=\"wp-embedded-content\" data-secret=\"nmFybBMoWV\"><a href=\"http:\/\/www.luigiaccattoli.it\/blog\/camillo-schiantarelli-medico-malato-e-volontario-covid\/\">Camillo Schiantarelli medico malato e volontario Covid<\/a><\/blockquote><iframe loading=\"lazy\" class=\"wp-embedded-content\" sandbox=\"allow-scripts\" security=\"restricted\" style=\"position: absolute; clip: rect(1px, 1px, 1px, 1px);\" title=\"&#8220;Camillo Schiantarelli medico malato e volontario Covid&#8221; &#8212; Il blog di Luigi Accattoli\" src=\"http:\/\/www.luigiaccattoli.it\/blog\/camillo-schiantarelli-medico-malato-e-volontario-covid\/embed\/#?secret=faECw48b5N#?secret=nmFybBMoWV\" data-secret=\"nmFybBMoWV\" width=\"500\" height=\"282\" frameborder=\"0\" marginwidth=\"0\" marginheight=\"0\" scrolling=\"no\"><\/iframe>\n<\/div><\/figure>\n\n\n\n<figure class=\"wp-block-embed is-type-wp-embed is-provider-il-blog-di-luigi-accattoli wp-block-embed-il-blog-di-luigi-accattoli\"><div class=\"wp-block-embed__wrapper\">\n<blockquote class=\"wp-embedded-content\" data-secret=\"yziU4PNITF\"><a href=\"http:\/\/www.luigiaccattoli.it\/blog\/ignacio-testimone-privilegiato-in-terra-di-covid\/\">Don Ignacio &#8220;testimone privilegiato&#8221; in terra di Covid<\/a><\/blockquote><iframe loading=\"lazy\" class=\"wp-embedded-content\" sandbox=\"allow-scripts\" security=\"restricted\" style=\"position: absolute; clip: rect(1px, 1px, 1px, 1px);\" title=\"&#8220;Don Ignacio &#8220;testimone privilegiato&#8221; in terra di Covid&#8221; &#8212; Il blog di Luigi Accattoli\" src=\"http:\/\/www.luigiaccattoli.it\/blog\/ignacio-testimone-privilegiato-in-terra-di-covid\/embed\/#?secret=4b3sFDaQdJ#?secret=yziU4PNITF\" data-secret=\"yziU4PNITF\" width=\"500\" height=\"282\" frameborder=\"0\" marginwidth=\"0\" marginheight=\"0\" scrolling=\"no\"><\/iframe>\n<\/div><\/figure>\n\n\n\n<figure class=\"wp-block-embed is-type-wp-embed is-provider-il-blog-di-luigi-accattoli wp-block-embed-il-blog-di-luigi-accattoli\"><div class=\"wp-block-embed__wrapper\">\n<blockquote class=\"wp-embedded-content\" data-secret=\"96rk76dJrr\"><a href=\"http:\/\/www.luigiaccattoli.it\/blog\/la-parola-a-don-luca-che-ne-ha-visti-morire-130\/\">La parola a don Luca che ne ha visti morire 130<\/a><\/blockquote><iframe loading=\"lazy\" class=\"wp-embedded-content\" sandbox=\"allow-scripts\" security=\"restricted\" style=\"position: absolute; clip: rect(1px, 1px, 1px, 1px);\" title=\"&#8220;La parola a don Luca che ne ha visti morire 130&#8221; &#8212; Il blog di Luigi Accattoli\" src=\"http:\/\/www.luigiaccattoli.it\/blog\/la-parola-a-don-luca-che-ne-ha-visti-morire-130\/embed\/#?secret=pICZPvllkH#?secret=96rk76dJrr\" data-secret=\"96rk76dJrr\" width=\"500\" height=\"282\" frameborder=\"0\" marginwidth=\"0\" marginheight=\"0\" scrolling=\"no\"><\/iframe>\n<\/div><\/figure>\n\n\n\n<figure class=\"wp-block-embed is-type-wp-embed is-provider-il-blog-di-luigi-accattoli wp-block-embed-il-blog-di-luigi-accattoli\"><div class=\"wp-block-embed__wrapper\">\n<blockquote class=\"wp-embedded-content\" data-secret=\"QID7JgqJjc\"><a href=\"http:\/\/www.luigiaccattoli.it\/blog\/samin-che-sceglie-tra-cio-che-e-comodo-e-cio-che-e-giusto\/\">Samin che sceglie tra ci\u00f2 che \u00e8 comodo e ci\u00f2 che \u00e8 giusto<\/a><\/blockquote><iframe loading=\"lazy\" class=\"wp-embedded-content\" sandbox=\"allow-scripts\" security=\"restricted\" style=\"position: absolute; clip: rect(1px, 1px, 1px, 1px);\" title=\"&#8220;Samin che sceglie tra ci\u00f2 che \u00e8 comodo e ci\u00f2 che \u00e8 giusto&#8221; &#8212; Il blog di Luigi Accattoli\" src=\"http:\/\/www.luigiaccattoli.it\/blog\/samin-che-sceglie-tra-cio-che-e-comodo-e-cio-che-e-giusto\/embed\/#?secret=4VGXlrFAIg#?secret=QID7JgqJjc\" data-secret=\"QID7JgqJjc\" width=\"500\" height=\"282\" frameborder=\"0\" marginwidth=\"0\" marginheight=\"0\" scrolling=\"no\"><\/iframe>\n<\/div><\/figure>\n\n\n\n<figure class=\"wp-block-embed is-type-wp-embed is-provider-il-blog-di-luigi-accattoli wp-block-embed-il-blog-di-luigi-accattoli\"><div class=\"wp-block-embed__wrapper\">\n<blockquote class=\"wp-embedded-content\" data-secret=\"ZlcCFHHTNr\"><a href=\"http:\/\/www.luigiaccattoli.it\/blog\/gabriele-volontario-a-una-mensa-dellemergenza-covid\/\">Gabriele volontario a una mensa dell&#8217;emergenza Covid<\/a><\/blockquote><iframe loading=\"lazy\" class=\"wp-embedded-content\" sandbox=\"allow-scripts\" security=\"restricted\" style=\"position: absolute; clip: rect(1px, 1px, 1px, 1px);\" title=\"&#8220;Gabriele volontario a una mensa dell&#8217;emergenza Covid&#8221; &#8212; Il blog di Luigi Accattoli\" src=\"http:\/\/www.luigiaccattoli.it\/blog\/gabriele-volontario-a-una-mensa-dellemergenza-covid\/embed\/#?secret=y6cS6X4Lsx#?secret=ZlcCFHHTNr\" data-secret=\"ZlcCFHHTNr\" width=\"500\" height=\"282\" frameborder=\"0\" marginwidth=\"0\" marginheight=\"0\" scrolling=\"no\"><\/iframe>\n<\/div><\/figure>\n\n\n\n<figure class=\"wp-block-embed is-type-wp-embed is-provider-il-blog-di-luigi-accattoli wp-block-embed-il-blog-di-luigi-accattoli\"><div class=\"wp-block-embed__wrapper\">\n<blockquote class=\"wp-embedded-content\" data-secret=\"94UoVFEmXI\"><a href=\"http:\/\/www.luigiaccattoli.it\/blog\/nelson-assisto-unaltra-mamma-come-fosse-la-mia\/\">Nelson che assiste un&#8217;altra mamma come fosse la sua<\/a><\/blockquote><iframe loading=\"lazy\" class=\"wp-embedded-content\" sandbox=\"allow-scripts\" security=\"restricted\" style=\"position: absolute; clip: rect(1px, 1px, 1px, 1px);\" title=\"&#8220;Nelson che assiste un&#8217;altra mamma come fosse la sua&#8221; &#8212; Il blog di Luigi Accattoli\" src=\"http:\/\/www.luigiaccattoli.it\/blog\/nelson-assisto-unaltra-mamma-come-fosse-la-mia\/embed\/#?secret=vePsXbfq1m#?secret=94UoVFEmXI\" data-secret=\"94UoVFEmXI\" width=\"500\" height=\"282\" frameborder=\"0\" marginwidth=\"0\" marginheight=\"0\" scrolling=\"no\"><\/iframe>\n<\/div><\/figure>\n\n\n\n<figure class=\"wp-block-embed is-type-wp-embed is-provider-il-blog-di-luigi-accattoli wp-block-embed-il-blog-di-luigi-accattoli\"><div class=\"wp-block-embed__wrapper\">\n<blockquote class=\"wp-embedded-content\" data-secret=\"zCpQafM73P\"><a href=\"http:\/\/www.luigiaccattoli.it\/blog\/stefania-neolaureata-ho-voluto-esserci-per-dare-una-mano\/\">Stefania neolaureata: ho voluto esserci per dare una mano<\/a><\/blockquote><iframe loading=\"lazy\" class=\"wp-embedded-content\" sandbox=\"allow-scripts\" security=\"restricted\" style=\"position: absolute; clip: rect(1px, 1px, 1px, 1px);\" title=\"&#8220;Stefania neolaureata: ho voluto esserci per dare una mano&#8221; &#8212; Il blog di Luigi Accattoli\" src=\"http:\/\/www.luigiaccattoli.it\/blog\/stefania-neolaureata-ho-voluto-esserci-per-dare-una-mano\/embed\/#?secret=Qa3FRGD8Na#?secret=zCpQafM73P\" data-secret=\"zCpQafM73P\" width=\"500\" height=\"282\" frameborder=\"0\" marginwidth=\"0\" marginheight=\"0\" scrolling=\"no\"><\/iframe>\n<\/div><\/figure>\n\n\n\n<figure class=\"wp-block-embed is-type-wp-embed is-provider-il-blog-di-luigi-accattoli wp-block-embed-il-blog-di-luigi-accattoli\"><div class=\"wp-block-embed__wrapper\">\n<blockquote class=\"wp-embedded-content\" data-secret=\"6iKBoHa0QR\"><a href=\"http:\/\/www.luigiaccattoli.it\/blog\/oscar-chiede-allinfermiera-di-salutare-moglie-e-figli\/\">Oscar chiede all&#8217;infermiera di salutare moglie e figli<\/a><\/blockquote><iframe loading=\"lazy\" class=\"wp-embedded-content\" sandbox=\"allow-scripts\" security=\"restricted\" style=\"position: absolute; clip: rect(1px, 1px, 1px, 1px);\" title=\"&#8220;Oscar chiede all&#8217;infermiera di salutare moglie e figli&#8221; &#8212; Il blog di Luigi Accattoli\" src=\"http:\/\/www.luigiaccattoli.it\/blog\/oscar-chiede-allinfermiera-di-salutare-moglie-e-figli\/embed\/#?secret=vD3K1XNytv#?secret=6iKBoHa0QR\" data-secret=\"6iKBoHa0QR\" width=\"500\" height=\"282\" frameborder=\"0\" marginwidth=\"0\" marginheight=\"0\" scrolling=\"no\"><\/iframe>\n<\/div><\/figure>\n\n\n\n<figure class=\"wp-block-embed is-type-wp-embed is-provider-il-blog-di-luigi-accattoli wp-block-embed-il-blog-di-luigi-accattoli\"><div class=\"wp-block-embed__wrapper\">\n<blockquote class=\"wp-embedded-content\" data-secret=\"oD136NleXx\"><a href=\"http:\/\/www.luigiaccattoli.it\/blog\/giancarlo-missionario-veneto-che-muore-di-covid-a-madrid\/\">Giancarlo missionario veneto muore di Covid a Madrid<\/a><\/blockquote><iframe loading=\"lazy\" class=\"wp-embedded-content\" sandbox=\"allow-scripts\" security=\"restricted\" style=\"position: absolute; clip: rect(1px, 1px, 1px, 1px);\" title=\"&#8220;Giancarlo missionario veneto muore di Covid a Madrid&#8221; &#8212; Il blog di Luigi Accattoli\" src=\"http:\/\/www.luigiaccattoli.it\/blog\/giancarlo-missionario-veneto-che-muore-di-covid-a-madrid\/embed\/#?secret=pn4p6WdByx#?secret=oD136NleXx\" data-secret=\"oD136NleXx\" width=\"500\" height=\"282\" frameborder=\"0\" marginwidth=\"0\" marginheight=\"0\" scrolling=\"no\"><\/iframe>\n<\/div><\/figure>\n\n\n\n<figure class=\"wp-block-embed is-type-wp-embed is-provider-il-blog-di-luigi-accattoli wp-block-embed-il-blog-di-luigi-accattoli\"><div class=\"wp-block-embed__wrapper\">\n<blockquote class=\"wp-embedded-content\" data-secret=\"gQumYmfJK1\"><a href=\"http:\/\/www.luigiaccattoli.it\/blog\/marco-perillo-grazie-ai-medici-e-grazie-al-signore\/\">Marco Perillo: &#8220;Grazie ai medici e grazie al Signore&#8221;<\/a><\/blockquote><iframe loading=\"lazy\" class=\"wp-embedded-content\" sandbox=\"allow-scripts\" security=\"restricted\" style=\"position: absolute; clip: rect(1px, 1px, 1px, 1px);\" title=\"&#8220;Marco Perillo: &#8220;Grazie ai medici e grazie al Signore&#8221;&#8221; &#8212; Il blog di Luigi Accattoli\" src=\"http:\/\/www.luigiaccattoli.it\/blog\/marco-perillo-grazie-ai-medici-e-grazie-al-signore\/embed\/#?secret=rRQ5gdEpBC#?secret=gQumYmfJK1\" data-secret=\"gQumYmfJK1\" width=\"500\" height=\"282\" frameborder=\"0\" marginwidth=\"0\" marginheight=\"0\" scrolling=\"no\"><\/iframe>\n<\/div><\/figure>\n\n\n\n<figure class=\"wp-block-embed is-type-wp-embed is-provider-il-blog-di-luigi-accattoli wp-block-embed-il-blog-di-luigi-accattoli\"><div class=\"wp-block-embed__wrapper\">\n<blockquote class=\"wp-embedded-content\" data-secret=\"MQBowTxUnh\"><a href=\"http:\/\/www.luigiaccattoli.it\/blog\/sergio-accardi-che-non-voleva-lasciare-i-suoi-pazienti\/\">Sergio Accardi che non voleva lasciare i suoi pazienti<\/a><\/blockquote><iframe loading=\"lazy\" class=\"wp-embedded-content\" sandbox=\"allow-scripts\" security=\"restricted\" style=\"position: absolute; clip: rect(1px, 1px, 1px, 1px);\" title=\"&#8220;Sergio Accardi che non voleva lasciare i suoi pazienti&#8221; &#8212; Il blog di Luigi Accattoli\" src=\"http:\/\/www.luigiaccattoli.it\/blog\/sergio-accardi-che-non-voleva-lasciare-i-suoi-pazienti\/embed\/#?secret=XGWwrz4JbN#?secret=MQBowTxUnh\" data-secret=\"MQBowTxUnh\" width=\"500\" height=\"282\" frameborder=\"0\" marginwidth=\"0\" marginheight=\"0\" scrolling=\"no\"><\/iframe>\n<\/div><\/figure>\n\n\n\n<figure class=\"wp-block-embed is-type-wp-embed is-provider-il-blog-di-luigi-accattoli wp-block-embed-il-blog-di-luigi-accattoli\"><div class=\"wp-block-embed__wrapper\">\n<blockquote class=\"wp-embedded-content\" data-secret=\"TzhSA6z6Uf\"><a href=\"http:\/\/www.luigiaccattoli.it\/blog\/roberto-scopre-che-un-esercito-di-gente-pregava-per-lui\/\">Roberto scopre che un esercito di gente pregava per lui<\/a><\/blockquote><iframe loading=\"lazy\" class=\"wp-embedded-content\" sandbox=\"allow-scripts\" security=\"restricted\" style=\"position: absolute; clip: rect(1px, 1px, 1px, 1px);\" title=\"&#8220;Roberto scopre che un esercito di gente pregava per lui&#8221; &#8212; Il blog di Luigi Accattoli\" src=\"http:\/\/www.luigiaccattoli.it\/blog\/roberto-scopre-che-un-esercito-di-gente-pregava-per-lui\/embed\/#?secret=HSZoYkp7Zk#?secret=TzhSA6z6Uf\" data-secret=\"TzhSA6z6Uf\" width=\"500\" height=\"282\" frameborder=\"0\" marginwidth=\"0\" marginheight=\"0\" scrolling=\"no\"><\/iframe>\n<\/div><\/figure>\n\n\n\n<figure class=\"wp-block-embed is-type-wp-embed is-provider-il-blog-di-luigi-accattoli wp-block-embed-il-blog-di-luigi-accattoli\"><div class=\"wp-block-embed__wrapper\">\n<blockquote class=\"wp-embedded-content\" data-secret=\"GMghtGZozL\"><a href=\"http:\/\/www.luigiaccattoli.it\/blog\/don-franco-amati-che-adagio-adagio-risaliva-tra-i-vivi\/\">Don Franco Amati che \u201cadagio adagio risaliva tra i vivi\u201d<\/a><\/blockquote><iframe loading=\"lazy\" class=\"wp-embedded-content\" sandbox=\"allow-scripts\" security=\"restricted\" style=\"position: absolute; clip: rect(1px, 1px, 1px, 1px);\" title=\"&#8220;Don Franco Amati che \u201cadagio adagio risaliva tra i vivi\u201d&#8221; &#8212; Il blog di Luigi Accattoli\" src=\"http:\/\/www.luigiaccattoli.it\/blog\/don-franco-amati-che-adagio-adagio-risaliva-tra-i-vivi\/embed\/#?secret=niN8laBwMt#?secret=GMghtGZozL\" data-secret=\"GMghtGZozL\" width=\"500\" height=\"282\" frameborder=\"0\" marginwidth=\"0\" marginheight=\"0\" scrolling=\"no\"><\/iframe>\n<\/div><\/figure>\n\n\n\n<figure class=\"wp-block-embed is-type-wp-embed is-provider-il-blog-di-luigi-accattoli wp-block-embed-il-blog-di-luigi-accattoli\"><div class=\"wp-block-embed__wrapper\">\n<blockquote class=\"wp-embedded-content\" data-secret=\"VVsZIra1kt\"><a href=\"http:\/\/www.luigiaccattoli.it\/blog\/abbiamo-seguito-la-tumulazione-di-mia-sorella-dal-balcone\/\">Abbiamo seguito la tumulazione di mia sorella dal balcone<\/a><\/blockquote><iframe loading=\"lazy\" class=\"wp-embedded-content\" sandbox=\"allow-scripts\" security=\"restricted\" style=\"position: absolute; clip: rect(1px, 1px, 1px, 1px);\" title=\"&#8220;Abbiamo seguito la tumulazione di mia sorella dal balcone&#8221; &#8212; Il blog di Luigi Accattoli\" src=\"http:\/\/www.luigiaccattoli.it\/blog\/abbiamo-seguito-la-tumulazione-di-mia-sorella-dal-balcone\/embed\/#?secret=geUSTu6PbD#?secret=VVsZIra1kt\" data-secret=\"VVsZIra1kt\" width=\"500\" height=\"282\" frameborder=\"0\" marginwidth=\"0\" marginheight=\"0\" scrolling=\"no\"><\/iframe>\n<\/div><\/figure>\n\n\n\n<figure class=\"wp-block-embed is-type-wp-embed is-provider-il-blog-di-luigi-accattoli wp-block-embed-il-blog-di-luigi-accattoli\"><div class=\"wp-block-embed__wrapper\">\n<blockquote class=\"wp-embedded-content\" data-secret=\"1RYusMzGUc\"><a href=\"http:\/\/www.luigiaccattoli.it\/blog\/michela-neoinfermiera-volontaria-in-zona-covid\/\">Michela neoinfermiera volontaria in zona Covid<\/a><\/blockquote><iframe loading=\"lazy\" class=\"wp-embedded-content\" sandbox=\"allow-scripts\" security=\"restricted\" style=\"position: absolute; clip: rect(1px, 1px, 1px, 1px);\" title=\"&#8220;Michela neoinfermiera volontaria in zona Covid&#8221; &#8212; Il blog di Luigi Accattoli\" src=\"http:\/\/www.luigiaccattoli.it\/blog\/michela-neoinfermiera-volontaria-in-zona-covid\/embed\/#?secret=WMZXxdsCai#?secret=1RYusMzGUc\" data-secret=\"1RYusMzGUc\" width=\"500\" height=\"282\" frameborder=\"0\" marginwidth=\"0\" marginheight=\"0\" scrolling=\"no\"><\/iframe>\n<\/div><\/figure>\n\n\n\n<figure class=\"wp-block-embed is-type-wp-embed is-provider-il-blog-di-luigi-accattoli wp-block-embed-il-blog-di-luigi-accattoli\"><div class=\"wp-block-embed__wrapper\">\n<blockquote class=\"wp-embedded-content\" data-secret=\"aIMprOB2vV\"><a href=\"http:\/\/www.luigiaccattoli.it\/blog\/suor-mariachiara-medico-volontario-nel-reparto-covid\/\">Suor Mariachiara medico volontario nel reparto Covid<\/a><\/blockquote><iframe loading=\"lazy\" class=\"wp-embedded-content\" sandbox=\"allow-scripts\" security=\"restricted\" style=\"position: absolute; clip: rect(1px, 1px, 1px, 1px);\" title=\"&#8220;Suor Mariachiara medico volontario nel reparto Covid&#8221; &#8212; Il blog di Luigi Accattoli\" src=\"http:\/\/www.luigiaccattoli.it\/blog\/suor-mariachiara-medico-volontario-nel-reparto-covid\/embed\/#?secret=5PM0LuVW58#?secret=aIMprOB2vV\" data-secret=\"aIMprOB2vV\" width=\"500\" height=\"282\" frameborder=\"0\" marginwidth=\"0\" marginheight=\"0\" scrolling=\"no\"><\/iframe>\n<\/div><\/figure>\n\n\n\n<figure class=\"wp-block-embed is-type-wp-embed is-provider-il-blog-di-luigi-accattoli wp-block-embed-il-blog-di-luigi-accattoli\"><div class=\"wp-block-embed__wrapper\">\n<blockquote class=\"wp-embedded-content\" data-secret=\"iESohrt4yq\"><a href=\"http:\/\/www.luigiaccattoli.it\/blog\/stefano-banfi-lascia-la-vigna-e-torna-infermiere-covid\/\">Stefano Banfi lascia la vigna e torna in ospedale<\/a><\/blockquote><iframe loading=\"lazy\" class=\"wp-embedded-content\" sandbox=\"allow-scripts\" security=\"restricted\" style=\"position: absolute; clip: rect(1px, 1px, 1px, 1px);\" title=\"&#8220;Stefano Banfi lascia la vigna e torna in ospedale&#8221; &#8212; Il blog di Luigi Accattoli\" src=\"http:\/\/www.luigiaccattoli.it\/blog\/stefano-banfi-lascia-la-vigna-e-torna-infermiere-covid\/embed\/#?secret=69SI2YPbsd#?secret=iESohrt4yq\" data-secret=\"iESohrt4yq\" width=\"500\" height=\"282\" frameborder=\"0\" marginwidth=\"0\" marginheight=\"0\" scrolling=\"no\"><\/iframe>\n<\/div><\/figure>\n\n\n\n<figure class=\"wp-block-embed is-type-wp-embed is-provider-il-blog-di-luigi-accattoli wp-block-embed-il-blog-di-luigi-accattoli\"><div class=\"wp-block-embed__wrapper\">\n<blockquote class=\"wp-embedded-content\" data-secret=\"iZjvChfo3V\"><a href=\"http:\/\/www.luigiaccattoli.it\/blog\/io-prete-ero-stato-infermiere-e-infermiere-sono-tornato\/\">Io prete ero stato infermiere e infermiere sono tornato<\/a><\/blockquote><iframe loading=\"lazy\" class=\"wp-embedded-content\" sandbox=\"allow-scripts\" security=\"restricted\" style=\"position: absolute; clip: rect(1px, 1px, 1px, 1px);\" title=\"&#8220;Io prete ero stato infermiere e infermiere sono tornato&#8221; &#8212; Il blog di Luigi Accattoli\" src=\"http:\/\/www.luigiaccattoli.it\/blog\/io-prete-ero-stato-infermiere-e-infermiere-sono-tornato\/embed\/#?secret=4zVGzJWvFT#?secret=iZjvChfo3V\" data-secret=\"iZjvChfo3V\" width=\"500\" height=\"282\" frameborder=\"0\" marginwidth=\"0\" marginheight=\"0\" scrolling=\"no\"><\/iframe>\n<\/div><\/figure>\n\n\n\n<figure class=\"wp-block-embed is-type-wp-embed is-provider-il-blog-di-luigi-accattoli wp-block-embed-il-blog-di-luigi-accattoli\"><div class=\"wp-block-embed__wrapper\">\n<blockquote class=\"wp-embedded-content\" data-secret=\"oRECm8FhWX\"><a href=\"http:\/\/www.luigiaccattoli.it\/blog\/renzo-delpero-loda-i-gesti-di-bonta-ricevuti-in-pandemia\/\">Renzo Delpero loda i gesti di bont\u00e0 ricevuti in pandemia<\/a><\/blockquote><iframe loading=\"lazy\" class=\"wp-embedded-content\" sandbox=\"allow-scripts\" security=\"restricted\" style=\"position: absolute; clip: rect(1px, 1px, 1px, 1px);\" title=\"&#8220;Renzo Delpero loda i gesti di bont\u00e0 ricevuti in pandemia&#8221; &#8212; Il blog di Luigi Accattoli\" src=\"http:\/\/www.luigiaccattoli.it\/blog\/renzo-delpero-loda-i-gesti-di-bonta-ricevuti-in-pandemia\/embed\/#?secret=2ecbWdzh5S#?secret=oRECm8FhWX\" data-secret=\"oRECm8FhWX\" width=\"500\" height=\"282\" frameborder=\"0\" marginwidth=\"0\" marginheight=\"0\" scrolling=\"no\"><\/iframe>\n<\/div><\/figure>\n\n\n\n<figure class=\"wp-block-embed is-type-wp-embed is-provider-il-blog-di-luigi-accattoli wp-block-embed-il-blog-di-luigi-accattoli\"><div class=\"wp-block-embed__wrapper\">\n<blockquote class=\"wp-embedded-content\" data-secret=\"9GvLM1bhd4\"><a href=\"http:\/\/www.luigiaccattoli.it\/blog\/marta-ribul-da-volontaria-in-kenia-a-volontaria-in-pandemia\/\">L&#8217;infermiera Marta volontaria in Kenia e in pandemia<\/a><\/blockquote><iframe loading=\"lazy\" class=\"wp-embedded-content\" sandbox=\"allow-scripts\" security=\"restricted\" style=\"position: absolute; clip: rect(1px, 1px, 1px, 1px);\" title=\"&#8220;L&#8217;infermiera Marta volontaria in Kenia e in pandemia&#8221; &#8212; Il blog di Luigi Accattoli\" src=\"http:\/\/www.luigiaccattoli.it\/blog\/marta-ribul-da-volontaria-in-kenia-a-volontaria-in-pandemia\/embed\/#?secret=j29bumo05s#?secret=9GvLM1bhd4\" data-secret=\"9GvLM1bhd4\" width=\"500\" height=\"282\" frameborder=\"0\" marginwidth=\"0\" marginheight=\"0\" scrolling=\"no\"><\/iframe>\n<\/div><\/figure>\n\n\n\n<figure class=\"wp-block-embed is-type-wp-embed is-provider-il-blog-di-luigi-accattoli wp-block-embed-il-blog-di-luigi-accattoli\"><div class=\"wp-block-embed__wrapper\">\n<blockquote class=\"wp-embedded-content\" data-secret=\"5xUrzbY7Cj\"><a href=\"http:\/\/www.luigiaccattoli.it\/blog\/il-frate-medico-andrea-dalla-porziuncola-al-reparto-covid\/\">Il frate medico Andrea Dovio dalla Porziuncola al Covid<\/a><\/blockquote><iframe loading=\"lazy\" class=\"wp-embedded-content\" sandbox=\"allow-scripts\" security=\"restricted\" style=\"position: absolute; clip: rect(1px, 1px, 1px, 1px);\" title=\"&#8220;Il frate medico Andrea Dovio dalla Porziuncola al Covid&#8221; &#8212; Il blog di Luigi Accattoli\" src=\"http:\/\/www.luigiaccattoli.it\/blog\/il-frate-medico-andrea-dalla-porziuncola-al-reparto-covid\/embed\/#?secret=BED7eT5jhL#?secret=5xUrzbY7Cj\" data-secret=\"5xUrzbY7Cj\" width=\"500\" height=\"282\" frameborder=\"0\" marginwidth=\"0\" marginheight=\"0\" scrolling=\"no\"><\/iframe>\n<\/div><\/figure>\n\n\n\n<figure class=\"wp-block-embed is-type-wp-embed is-provider-il-blog-di-luigi-accattoli wp-block-embed-il-blog-di-luigi-accattoli\"><div class=\"wp-block-embed__wrapper\">\n<blockquote class=\"wp-embedded-content\" data-secret=\"CjI7hbZMCG\"><a href=\"http:\/\/www.luigiaccattoli.it\/blog\/medico-in-malattia-informa-i-familiari-dei-ricoverati\/\">Medico in malattia informa i familiari dei ricoverati<\/a><\/blockquote><iframe loading=\"lazy\" class=\"wp-embedded-content\" sandbox=\"allow-scripts\" security=\"restricted\" style=\"position: absolute; clip: rect(1px, 1px, 1px, 1px);\" title=\"&#8220;Medico in malattia informa i familiari dei ricoverati&#8221; &#8212; Il blog di Luigi Accattoli\" src=\"http:\/\/www.luigiaccattoli.it\/blog\/medico-in-malattia-informa-i-familiari-dei-ricoverati\/embed\/#?secret=8oPvN7SOXj#?secret=CjI7hbZMCG\" data-secret=\"CjI7hbZMCG\" width=\"500\" height=\"282\" frameborder=\"0\" marginwidth=\"0\" marginheight=\"0\" scrolling=\"no\"><\/iframe>\n<\/div><\/figure>\n\n\n\n<figure class=\"wp-block-embed is-type-wp-embed is-provider-il-blog-di-luigi-accattoli wp-block-embed-il-blog-di-luigi-accattoli\"><div class=\"wp-block-embed__wrapper\">\n<blockquote class=\"wp-embedded-content\" data-secret=\"zFtjrJCCq5\"><a href=\"http:\/\/www.luigiaccattoli.it\/blog\/don-giuseppe-grazie-a-dio-grazie-a-tutti-benedico-tutti\/\">Don Giuseppe: Grazie a Dio. Grazie a tutti. Benedico tutti<\/a><\/blockquote><iframe loading=\"lazy\" class=\"wp-embedded-content\" sandbox=\"allow-scripts\" security=\"restricted\" style=\"position: absolute; clip: rect(1px, 1px, 1px, 1px);\" title=\"&#8220;Don Giuseppe: Grazie a Dio. Grazie a tutti. Benedico tutti&#8221; &#8212; Il blog di Luigi Accattoli\" src=\"http:\/\/www.luigiaccattoli.it\/blog\/don-giuseppe-grazie-a-dio-grazie-a-tutti-benedico-tutti\/embed\/#?secret=T2Xt1BwFTU#?secret=zFtjrJCCq5\" data-secret=\"zFtjrJCCq5\" width=\"500\" height=\"282\" frameborder=\"0\" marginwidth=\"0\" marginheight=\"0\" scrolling=\"no\"><\/iframe>\n<\/div><\/figure>\n\n\n\n<figure class=\"wp-block-embed is-type-wp-embed is-provider-il-blog-di-luigi-accattoli wp-block-embed-il-blog-di-luigi-accattoli\"><div class=\"wp-block-embed__wrapper\">\n<blockquote class=\"wp-embedded-content\" data-secret=\"TwsMd1iIT5\"><a href=\"http:\/\/www.luigiaccattoli.it\/blog\/abukar-infermiere-somalo-volontario-in-val-camonica\/\">Abukar infermiere somalo volontario in Val Camonica<\/a><\/blockquote><iframe loading=\"lazy\" class=\"wp-embedded-content\" sandbox=\"allow-scripts\" security=\"restricted\" style=\"position: absolute; clip: rect(1px, 1px, 1px, 1px);\" title=\"&#8220;Abukar infermiere somalo volontario in Val Camonica&#8221; &#8212; Il blog di Luigi Accattoli\" src=\"http:\/\/www.luigiaccattoli.it\/blog\/abukar-infermiere-somalo-volontario-in-val-camonica\/embed\/#?secret=iVZ4Bzw8Yx#?secret=TwsMd1iIT5\" data-secret=\"TwsMd1iIT5\" width=\"500\" height=\"282\" frameborder=\"0\" marginwidth=\"0\" marginheight=\"0\" scrolling=\"no\"><\/iframe>\n<\/div><\/figure>\n\n\n\n<figure class=\"wp-block-embed is-type-wp-embed is-provider-il-blog-di-luigi-accattoli wp-block-embed-il-blog-di-luigi-accattoli\"><div class=\"wp-block-embed__wrapper\">\n<blockquote class=\"wp-embedded-content\" data-secret=\"wPNx9YjsGn\"><a href=\"http:\/\/www.luigiaccattoli.it\/blog\/felice-perani-parlavano-tedesco-e-credevo-dessere-rapito\/\">Felice Perani: parlavano tedesco e credevo d&#8217;essere rapito<\/a><\/blockquote><iframe loading=\"lazy\" class=\"wp-embedded-content\" sandbox=\"allow-scripts\" security=\"restricted\" style=\"position: absolute; clip: rect(1px, 1px, 1px, 1px);\" title=\"&#8220;Felice Perani: parlavano tedesco e credevo d&#8217;essere rapito&#8221; &#8212; Il blog di Luigi Accattoli\" src=\"http:\/\/www.luigiaccattoli.it\/blog\/felice-perani-parlavano-tedesco-e-credevo-dessere-rapito\/embed\/#?secret=EpnnXY6Bo7#?secret=wPNx9YjsGn\" data-secret=\"wPNx9YjsGn\" width=\"500\" height=\"282\" frameborder=\"0\" marginwidth=\"0\" marginheight=\"0\" scrolling=\"no\"><\/iframe>\n<\/div><\/figure>\n\n\n\n<figure class=\"wp-block-embed is-type-wp-embed is-provider-il-blog-di-luigi-accattoli wp-block-embed-il-blog-di-luigi-accattoli\"><div class=\"wp-block-embed__wrapper\">\n<blockquote class=\"wp-embedded-content\" data-secret=\"uoKOsjYFSo\"><a href=\"http:\/\/www.luigiaccattoli.it\/blog\/dottore-dica-a-mio-marito-pietro-rota-che-lo-amo\/\">Dottore dica a mio marito Pietro Rota che lo amo<\/a><\/blockquote><iframe loading=\"lazy\" class=\"wp-embedded-content\" sandbox=\"allow-scripts\" security=\"restricted\" style=\"position: absolute; clip: rect(1px, 1px, 1px, 1px);\" title=\"&#8220;Dottore dica a mio marito Pietro Rota che lo amo&#8221; &#8212; Il blog di Luigi Accattoli\" src=\"http:\/\/www.luigiaccattoli.it\/blog\/dottore-dica-a-mio-marito-pietro-rota-che-lo-amo\/embed\/#?secret=pAgxbd89Tk#?secret=uoKOsjYFSo\" data-secret=\"uoKOsjYFSo\" width=\"500\" height=\"282\" frameborder=\"0\" marginwidth=\"0\" marginheight=\"0\" scrolling=\"no\"><\/iframe>\n<\/div><\/figure>\n\n\n\n<figure class=\"wp-block-embed is-type-wp-embed is-provider-il-blog-di-luigi-accattoli wp-block-embed-il-blog-di-luigi-accattoli\"><div class=\"wp-block-embed__wrapper\">\n<blockquote class=\"wp-embedded-content\" data-secret=\"UVbFJfpsNy\"><a href=\"http:\/\/www.luigiaccattoli.it\/blog\/gianluca-mangeri-medico-prete-colpito-dal-covid\/\">Gianluca Mangeri medico, prete, malato di Covid<\/a><\/blockquote><iframe loading=\"lazy\" class=\"wp-embedded-content\" sandbox=\"allow-scripts\" security=\"restricted\" style=\"position: absolute; clip: rect(1px, 1px, 1px, 1px);\" title=\"&#8220;Gianluca Mangeri medico, prete, malato di Covid&#8221; &#8212; Il blog di Luigi Accattoli\" src=\"http:\/\/www.luigiaccattoli.it\/blog\/gianluca-mangeri-medico-prete-colpito-dal-covid\/embed\/#?secret=7IDh7vY2tq#?secret=UVbFJfpsNy\" data-secret=\"UVbFJfpsNy\" width=\"500\" height=\"282\" frameborder=\"0\" marginwidth=\"0\" marginheight=\"0\" scrolling=\"no\"><\/iframe>\n<\/div><\/figure>\n\n\n\n<figure class=\"wp-block-embed is-type-wp-embed is-provider-il-blog-di-luigi-accattoli wp-block-embed-il-blog-di-luigi-accattoli\"><div class=\"wp-block-embed__wrapper\">\n<blockquote class=\"wp-embedded-content\" data-secret=\"MieuDFQsF6\"><a href=\"http:\/\/www.luigiaccattoli.it\/blog\/la-quaresima-piena-di-paure-del-giovane-medico-elisa\/\">La Quaresima piena di paure del giovane medico Elisa<\/a><\/blockquote><iframe loading=\"lazy\" class=\"wp-embedded-content\" sandbox=\"allow-scripts\" security=\"restricted\" style=\"position: absolute; clip: rect(1px, 1px, 1px, 1px);\" title=\"&#8220;La Quaresima piena di paure del giovane medico Elisa&#8221; &#8212; Il blog di Luigi Accattoli\" src=\"http:\/\/www.luigiaccattoli.it\/blog\/la-quaresima-piena-di-paure-del-giovane-medico-elisa\/embed\/#?secret=75u6WcAljZ#?secret=MieuDFQsF6\" data-secret=\"MieuDFQsF6\" width=\"500\" height=\"282\" frameborder=\"0\" marginwidth=\"0\" marginheight=\"0\" scrolling=\"no\"><\/iframe>\n<\/div><\/figure>\n\n\n\n<figure class=\"wp-block-embed is-type-wp-embed is-provider-il-blog-di-luigi-accattoli wp-block-embed-il-blog-di-luigi-accattoli\"><div class=\"wp-block-embed__wrapper\">\n<blockquote class=\"wp-embedded-content\" data-secret=\"NcsN2ODpes\"><a href=\"http:\/\/www.luigiaccattoli.it\/blog\/francesco-cusaro-la-luce-ce-ma-dobbiamo-accenderla\/\">Francesco Cusaro: \u201cLa luce c\u2019\u00e8 ma dobbiamo accenderla\u201d<\/a><\/blockquote><iframe loading=\"lazy\" class=\"wp-embedded-content\" sandbox=\"allow-scripts\" security=\"restricted\" style=\"position: absolute; clip: rect(1px, 1px, 1px, 1px);\" title=\"&#8220;Francesco Cusaro: \u201cLa luce c\u2019\u00e8 ma dobbiamo accenderla\u201d&#8221; &#8212; Il blog di Luigi Accattoli\" src=\"http:\/\/www.luigiaccattoli.it\/blog\/francesco-cusaro-la-luce-ce-ma-dobbiamo-accenderla\/embed\/#?secret=cPp9G6ivV0#?secret=NcsN2ODpes\" data-secret=\"NcsN2ODpes\" width=\"500\" height=\"282\" frameborder=\"0\" marginwidth=\"0\" marginheight=\"0\" scrolling=\"no\"><\/iframe>\n<\/div><\/figure>\n\n\n\n<figure class=\"wp-block-embed is-type-wp-embed is-provider-il-blog-di-luigi-accattoli wp-block-embed-il-blog-di-luigi-accattoli\"><div class=\"wp-block-embed__wrapper\">\n<blockquote class=\"wp-embedded-content\" data-secret=\"qm0ZjQOryx\"><a href=\"http:\/\/www.luigiaccattoli.it\/blog\/ad-alberto-franzini-in-questa-disumana-maniera-di-morire\/\">A don Franzini &#8220;in questa disumana maniera di morire&#8221;<\/a><\/blockquote><iframe loading=\"lazy\" class=\"wp-embedded-content\" sandbox=\"allow-scripts\" security=\"restricted\" style=\"position: absolute; clip: rect(1px, 1px, 1px, 1px);\" title=\"&#8220;A don Franzini &#8220;in questa disumana maniera di morire&#8221;&#8221; &#8212; Il blog di Luigi Accattoli\" src=\"http:\/\/www.luigiaccattoli.it\/blog\/ad-alberto-franzini-in-questa-disumana-maniera-di-morire\/embed\/#?secret=WZcd7meEJI#?secret=qm0ZjQOryx\" data-secret=\"qm0ZjQOryx\" width=\"500\" height=\"282\" frameborder=\"0\" marginwidth=\"0\" marginheight=\"0\" scrolling=\"no\"><\/iframe>\n<\/div><\/figure>\n\n\n\n<figure class=\"wp-block-embed is-type-wp-embed is-provider-il-blog-di-luigi-accattoli wp-block-embed-il-blog-di-luigi-accattoli\"><div class=\"wp-block-embed__wrapper\">\n<blockquote class=\"wp-embedded-content\" data-secret=\"CuodvQqpAW\"><a href=\"http:\/\/www.luigiaccattoli.it\/blog\/mi-avete-detto-che-dovevo-tornare-e-sono-tornato\/\">&#8220;Mi avete detto che dovevo tornare e sono tornato&#8221;<\/a><\/blockquote><iframe loading=\"lazy\" class=\"wp-embedded-content\" sandbox=\"allow-scripts\" security=\"restricted\" style=\"position: absolute; clip: rect(1px, 1px, 1px, 1px);\" title=\"&#8220;&#8220;Mi avete detto che dovevo tornare e sono tornato&#8221;&#8221; &#8212; Il blog di Luigi Accattoli\" src=\"http:\/\/www.luigiaccattoli.it\/blog\/mi-avete-detto-che-dovevo-tornare-e-sono-tornato\/embed\/#?secret=ZUHKhX9TJA#?secret=CuodvQqpAW\" data-secret=\"CuodvQqpAW\" width=\"500\" height=\"282\" frameborder=\"0\" marginwidth=\"0\" marginheight=\"0\" scrolling=\"no\"><\/iframe>\n<\/div><\/figure>\n\n\n\n<figure class=\"wp-block-embed is-type-wp-embed is-provider-il-blog-di-luigi-accattoli wp-block-embed-il-blog-di-luigi-accattoli\"><div class=\"wp-block-embed__wrapper\">\n<blockquote class=\"wp-embedded-content\" data-secret=\"Y5EsjrI0QI\"><a href=\"http:\/\/www.luigiaccattoli.it\/blog\/il-primario-barone-racconta-la-sua-inspiegabile-guarigione-dal-covid\/\">Il primario Barone racconta la sua inspiegabile guarigione<\/a><\/blockquote><iframe loading=\"lazy\" class=\"wp-embedded-content\" sandbox=\"allow-scripts\" security=\"restricted\" style=\"position: absolute; clip: rect(1px, 1px, 1px, 1px);\" title=\"&#8220;Il primario Barone racconta la sua inspiegabile guarigione&#8221; &#8212; Il blog di Luigi Accattoli\" src=\"http:\/\/www.luigiaccattoli.it\/blog\/il-primario-barone-racconta-la-sua-inspiegabile-guarigione-dal-covid\/embed\/#?secret=RP9MgcrKAm#?secret=Y5EsjrI0QI\" data-secret=\"Y5EsjrI0QI\" width=\"500\" height=\"282\" frameborder=\"0\" marginwidth=\"0\" marginheight=\"0\" scrolling=\"no\"><\/iframe>\n<\/div><\/figure>\n\n\n\n<figure class=\"wp-block-embed is-type-wp-embed is-provider-il-blog-di-luigi-accattoli wp-block-embed-il-blog-di-luigi-accattoli\"><div class=\"wp-block-embed__wrapper\">\n<blockquote class=\"wp-embedded-content\" data-secret=\"IQTiDMWHhf\"><a href=\"http:\/\/www.luigiaccattoli.it\/blog\/giacomo-radoani-vedevo-una-falange-che-invocava-per-me\/\">Radoani: vedevo come una falange che invocava per me<\/a><\/blockquote><iframe loading=\"lazy\" class=\"wp-embedded-content\" sandbox=\"allow-scripts\" security=\"restricted\" style=\"position: absolute; clip: rect(1px, 1px, 1px, 1px);\" title=\"&#8220;Radoani: vedevo come una falange che invocava per me&#8221; &#8212; Il blog di Luigi Accattoli\" src=\"http:\/\/www.luigiaccattoli.it\/blog\/giacomo-radoani-vedevo-una-falange-che-invocava-per-me\/embed\/#?secret=JXhGXg6W4l#?secret=IQTiDMWHhf\" data-secret=\"IQTiDMWHhf\" width=\"500\" height=\"282\" frameborder=\"0\" marginwidth=\"0\" marginheight=\"0\" scrolling=\"no\"><\/iframe>\n<\/div><\/figure>\n\n\n\n<figure class=\"wp-block-embed is-type-wp-embed is-provider-il-blog-di-luigi-accattoli wp-block-embed-il-blog-di-luigi-accattoli\"><div class=\"wp-block-embed__wrapper\">\n<blockquote class=\"wp-embedded-content\" data-secret=\"OzqmgmbvyU\"><a href=\"http:\/\/www.luigiaccattoli.it\/blog\/dite-a-mia-moglie-che-le-ho-sempre-voluto-bene\/\">&#8220;Dite a mia moglie che le ho sempre voluto bene&#8221;<\/a><\/blockquote><iframe loading=\"lazy\" class=\"wp-embedded-content\" sandbox=\"allow-scripts\" security=\"restricted\" style=\"position: absolute; clip: rect(1px, 1px, 1px, 1px);\" title=\"&#8220;&#8220;Dite a mia moglie che le ho sempre voluto bene&#8221;&#8221; &#8212; Il blog di Luigi Accattoli\" src=\"http:\/\/www.luigiaccattoli.it\/blog\/dite-a-mia-moglie-che-le-ho-sempre-voluto-bene\/embed\/#?secret=nFGzjEeOgk#?secret=OzqmgmbvyU\" data-secret=\"OzqmgmbvyU\" width=\"500\" height=\"282\" frameborder=\"0\" marginwidth=\"0\" marginheight=\"0\" scrolling=\"no\"><\/iframe>\n<\/div><\/figure>\n\n\n\n<figure class=\"wp-block-embed is-type-wp-embed is-provider-il-blog-di-luigi-accattoli wp-block-embed-il-blog-di-luigi-accattoli\"><div class=\"wp-block-embed__wrapper\">\n<blockquote class=\"wp-embedded-content\" data-secret=\"VHoS1dtL02\"><a href=\"http:\/\/www.luigiaccattoli.it\/blog\/giorgio-franceschi-mi-sono-sentito-solo-e-mi-sono-affidato-a-lui\/\">Giorgio Franceschi: mi sono sentito solo e mi sono affidato<\/a><\/blockquote><iframe loading=\"lazy\" class=\"wp-embedded-content\" sandbox=\"allow-scripts\" security=\"restricted\" style=\"position: absolute; clip: rect(1px, 1px, 1px, 1px);\" title=\"&#8220;Giorgio Franceschi: mi sono sentito solo e mi sono affidato&#8221; &#8212; Il blog di Luigi Accattoli\" src=\"http:\/\/www.luigiaccattoli.it\/blog\/giorgio-franceschi-mi-sono-sentito-solo-e-mi-sono-affidato-a-lui\/embed\/#?secret=JBUCo2Kb99#?secret=VHoS1dtL02\" data-secret=\"VHoS1dtL02\" width=\"500\" height=\"282\" frameborder=\"0\" marginwidth=\"0\" marginheight=\"0\" scrolling=\"no\"><\/iframe>\n<\/div><\/figure>\n\n\n\n<figure class=\"wp-block-embed is-type-wp-embed is-provider-il-blog-di-luigi-accattoli wp-block-embed-il-blog-di-luigi-accattoli\"><div class=\"wp-block-embed__wrapper\">\n<blockquote class=\"wp-embedded-content\" data-secret=\"S5gqnLb2eB\"><a href=\"http:\/\/www.luigiaccattoli.it\/blog\/giovanni-de-cece-chiedeva-a-dio-che-mai-volesse-da-lui\/\">Giovanni De Cece chiedeva a Dio che mai volesse da lui<\/a><\/blockquote><iframe loading=\"lazy\" class=\"wp-embedded-content\" sandbox=\"allow-scripts\" security=\"restricted\" style=\"position: absolute; clip: rect(1px, 1px, 1px, 1px);\" title=\"&#8220;Giovanni De Cece chiedeva a Dio che mai volesse da lui&#8221; &#8212; Il blog di Luigi Accattoli\" src=\"http:\/\/www.luigiaccattoli.it\/blog\/giovanni-de-cece-chiedeva-a-dio-che-mai-volesse-da-lui\/embed\/#?secret=9jhXbQsHlR#?secret=S5gqnLb2eB\" data-secret=\"S5gqnLb2eB\" width=\"500\" height=\"282\" frameborder=\"0\" marginwidth=\"0\" marginheight=\"0\" scrolling=\"no\"><\/iframe>\n<\/div><\/figure>\n\n\n\n<figure class=\"wp-block-embed is-type-wp-embed is-provider-il-blog-di-luigi-accattoli wp-block-embed-il-blog-di-luigi-accattoli\"><div class=\"wp-block-embed__wrapper\">\n<blockquote class=\"wp-embedded-content\" data-secret=\"cVON787f5c\"><a href=\"http:\/\/www.luigiaccattoli.it\/blog\/piero-perazzoli-sono-arrivato-a-sperare-di-varcare-la-soglia\/\">Piero Perazzoli: sono arrivato a sperare di varcare la soglia<\/a><\/blockquote><iframe loading=\"lazy\" class=\"wp-embedded-content\" sandbox=\"allow-scripts\" security=\"restricted\" style=\"position: absolute; clip: rect(1px, 1px, 1px, 1px);\" title=\"&#8220;Piero Perazzoli: sono arrivato a sperare di varcare la soglia&#8221; &#8212; Il blog di Luigi Accattoli\" src=\"http:\/\/www.luigiaccattoli.it\/blog\/piero-perazzoli-sono-arrivato-a-sperare-di-varcare-la-soglia\/embed\/#?secret=s0hB9xWLl8#?secret=cVON787f5c\" data-secret=\"cVON787f5c\" width=\"500\" height=\"282\" frameborder=\"0\" marginwidth=\"0\" marginheight=\"0\" scrolling=\"no\"><\/iframe>\n<\/div><\/figure>\n\n\n\n<figure class=\"wp-block-embed is-type-wp-embed is-provider-il-blog-di-luigi-accattoli wp-block-embed-il-blog-di-luigi-accattoli\"><div class=\"wp-block-embed__wrapper\">\n<blockquote class=\"wp-embedded-content\" data-secret=\"NPwQLjWD8i\"><a href=\"http:\/\/www.luigiaccattoli.it\/blog\/la-pasqua-in-rianimazione-di-don-renato-passoni\/\">Don Renato di Mede che fa Pasqua in rianimazione<\/a><\/blockquote><iframe loading=\"lazy\" class=\"wp-embedded-content\" sandbox=\"allow-scripts\" security=\"restricted\" style=\"position: absolute; clip: rect(1px, 1px, 1px, 1px);\" title=\"&#8220;Don Renato di Mede che fa Pasqua in rianimazione&#8221; &#8212; Il blog di Luigi Accattoli\" src=\"http:\/\/www.luigiaccattoli.it\/blog\/la-pasqua-in-rianimazione-di-don-renato-passoni\/embed\/#?secret=xe4mLqeLUr#?secret=NPwQLjWD8i\" data-secret=\"NPwQLjWD8i\" width=\"500\" height=\"282\" frameborder=\"0\" marginwidth=\"0\" marginheight=\"0\" scrolling=\"no\"><\/iframe>\n<\/div><\/figure>\n\n\n\n<figure class=\"wp-block-embed is-type-wp-embed is-provider-il-blog-di-luigi-accattoli wp-block-embed-il-blog-di-luigi-accattoli\"><div class=\"wp-block-embed__wrapper\">\n<blockquote class=\"wp-embedded-content\" data-secret=\"0b9ZO1vKlY\"><a href=\"http:\/\/www.luigiaccattoli.it\/blog\/non-e-male-che-qualche-prete-prenda-questa-malattia\/\">&#8220;Non \u00e8 male che qualche prete prenda questa malattia&#8221;<\/a><\/blockquote><iframe loading=\"lazy\" class=\"wp-embedded-content\" sandbox=\"allow-scripts\" security=\"restricted\" style=\"position: absolute; clip: rect(1px, 1px, 1px, 1px);\" title=\"&#8220;&#8220;Non \u00e8 male che qualche prete prenda questa malattia&#8221;&#8221; &#8212; Il blog di Luigi Accattoli\" src=\"http:\/\/www.luigiaccattoli.it\/blog\/non-e-male-che-qualche-prete-prenda-questa-malattia\/embed\/#?secret=ybeUntbz7F#?secret=0b9ZO1vKlY\" data-secret=\"0b9ZO1vKlY\" width=\"500\" height=\"282\" frameborder=\"0\" marginwidth=\"0\" marginheight=\"0\" scrolling=\"no\"><\/iframe>\n<\/div><\/figure>\n\n\n\n<figure class=\"wp-block-embed is-type-wp-embed is-provider-il-blog-di-luigi-accattoli wp-block-embed-il-blog-di-luigi-accattoli\"><div class=\"wp-block-embed__wrapper\">\n<blockquote class=\"wp-embedded-content\" data-secret=\"Li1K57u2aG\"><a href=\"http:\/\/www.luigiaccattoli.it\/blog\/franco-si-fa-ricoverare-nella-rsa-per-assistere-adriana\/\">Franco si fa ricoverare nella Rsa per assistere Adriana<\/a><\/blockquote><iframe loading=\"lazy\" class=\"wp-embedded-content\" sandbox=\"allow-scripts\" security=\"restricted\" style=\"position: absolute; clip: rect(1px, 1px, 1px, 1px);\" title=\"&#8220;Franco si fa ricoverare nella Rsa per assistere Adriana&#8221; &#8212; Il blog di Luigi Accattoli\" src=\"http:\/\/www.luigiaccattoli.it\/blog\/franco-si-fa-ricoverare-nella-rsa-per-assistere-adriana\/embed\/#?secret=BNM2cIW2RK#?secret=Li1K57u2aG\" data-secret=\"Li1K57u2aG\" width=\"500\" height=\"282\" frameborder=\"0\" marginwidth=\"0\" marginheight=\"0\" scrolling=\"no\"><\/iframe>\n<\/div><\/figure>\n\n\n\n<figure class=\"wp-block-embed is-type-wp-embed is-provider-il-blog-di-luigi-accattoli wp-block-embed-il-blog-di-luigi-accattoli\"><div class=\"wp-block-embed__wrapper\">\n<blockquote class=\"wp-embedded-content\" data-secret=\"3tuVCV4RO9\"><a href=\"http:\/\/www.luigiaccattoli.it\/blog\/lo-scrittore-andrea-vitali-che-torna-medico-per-il-covid\/\">Lo scrittore Andrea Vitali che torna medico per il Covid<\/a><\/blockquote><iframe loading=\"lazy\" class=\"wp-embedded-content\" sandbox=\"allow-scripts\" security=\"restricted\" style=\"position: absolute; clip: rect(1px, 1px, 1px, 1px);\" title=\"&#8220;Lo scrittore Andrea Vitali che torna medico per il Covid&#8221; &#8212; Il blog di Luigi Accattoli\" src=\"http:\/\/www.luigiaccattoli.it\/blog\/lo-scrittore-andrea-vitali-che-torna-medico-per-il-covid\/embed\/#?secret=lA4mMbgofc#?secret=3tuVCV4RO9\" data-secret=\"3tuVCV4RO9\" width=\"500\" height=\"282\" frameborder=\"0\" marginwidth=\"0\" marginheight=\"0\" scrolling=\"no\"><\/iframe>\n<\/div><\/figure>\n\n\n\n<figure class=\"wp-block-embed is-type-wp-embed is-provider-il-blog-di-luigi-accattoli wp-block-embed-il-blog-di-luigi-accattoli\"><div class=\"wp-block-embed__wrapper\">\n<blockquote class=\"wp-embedded-content\" data-secret=\"Lz6cRsG7kw\"><a href=\"http:\/\/www.luigiaccattoli.it\/blog\/calogero-peri-voglio-dire-grazie-a-dio-per-questa-malattia\/\">Calogero Peri: voglio dire grazie a Dio per questa malattia<\/a><\/blockquote><iframe loading=\"lazy\" class=\"wp-embedded-content\" sandbox=\"allow-scripts\" security=\"restricted\" style=\"position: absolute; clip: rect(1px, 1px, 1px, 1px);\" title=\"&#8220;Calogero Peri: voglio dire grazie a Dio per questa malattia&#8221; &#8212; Il blog di Luigi Accattoli\" src=\"http:\/\/www.luigiaccattoli.it\/blog\/calogero-peri-voglio-dire-grazie-a-dio-per-questa-malattia\/embed\/#?secret=hHM8zMsXfH#?secret=Lz6cRsG7kw\" data-secret=\"Lz6cRsG7kw\" width=\"500\" height=\"282\" frameborder=\"0\" marginwidth=\"0\" marginheight=\"0\" scrolling=\"no\"><\/iframe>\n<\/div><\/figure>\n\n\n\n<figure class=\"wp-block-embed is-type-wp-embed is-provider-il-blog-di-luigi-accattoli wp-block-embed-il-blog-di-luigi-accattoli\"><div class=\"wp-block-embed__wrapper\">\n<blockquote class=\"wp-embedded-content\" data-secret=\"2iPaNMDNxh\"><a href=\"http:\/\/www.luigiaccattoli.it\/blog\/claudio-rubagotti-malato-di-covid-ho-visto-la-morte\/\">Claudio Rubagotti malato di Covid: &#8220;Ho visto la morte&#8221;<\/a><\/blockquote><iframe loading=\"lazy\" class=\"wp-embedded-content\" sandbox=\"allow-scripts\" security=\"restricted\" style=\"position: absolute; clip: rect(1px, 1px, 1px, 1px);\" title=\"&#8220;Claudio Rubagotti malato di Covid: &#8220;Ho visto la morte&#8221;&#8221; &#8212; Il blog di Luigi Accattoli\" src=\"http:\/\/www.luigiaccattoli.it\/blog\/claudio-rubagotti-malato-di-covid-ho-visto-la-morte\/embed\/#?secret=7ZPP5N4bPL#?secret=2iPaNMDNxh\" data-secret=\"2iPaNMDNxh\" width=\"500\" height=\"282\" frameborder=\"0\" marginwidth=\"0\" marginheight=\"0\" scrolling=\"no\"><\/iframe>\n<\/div><\/figure>\n\n\n\n<figure class=\"wp-block-embed is-type-wp-embed is-provider-il-blog-di-luigi-accattoli wp-block-embed-il-blog-di-luigi-accattoli\"><div class=\"wp-block-embed__wrapper\">\n<blockquote class=\"wp-embedded-content\" data-secret=\"RmkxY18hJO\"><a href=\"http:\/\/www.luigiaccattoli.it\/blog\/le-ho-tenuto-la-mano-come-avrebbe-fatto-una-figlia\/\">&#8220;Le ho tenuto la mano come avrebbe fatto una figlia&#8221;<\/a><\/blockquote><iframe loading=\"lazy\" class=\"wp-embedded-content\" sandbox=\"allow-scripts\" security=\"restricted\" style=\"position: absolute; clip: rect(1px, 1px, 1px, 1px);\" title=\"&#8220;&#8220;Le ho tenuto la mano come avrebbe fatto una figlia&#8221;&#8221; &#8212; Il blog di Luigi Accattoli\" src=\"http:\/\/www.luigiaccattoli.it\/blog\/le-ho-tenuto-la-mano-come-avrebbe-fatto-una-figlia\/embed\/#?secret=S2auNiWVbh#?secret=RmkxY18hJO\" data-secret=\"RmkxY18hJO\" width=\"500\" height=\"282\" frameborder=\"0\" marginwidth=\"0\" marginheight=\"0\" scrolling=\"no\"><\/iframe>\n<\/div><\/figure>\n\n\n\n<figure class=\"wp-block-embed\"><div class=\"wp-block-embed__wrapper\">\nhttp:\/\/www.luigiaccattoli.it\/blog\/vincenzo-pennacchia-i-medici-mi-sembravano-rapitori\/http:\/\/www.luigiaccattoli.it\/blog\/alberto-debbi-ora-il-mio-altare-e-il-letto-del-malato\/\n<\/div><\/figure>\n\n\n\n<figure class=\"wp-block-embed is-type-wp-embed is-provider-il-blog-di-luigi-accattoli wp-block-embed-il-blog-di-luigi-accattoli\"><div class=\"wp-block-embed__wrapper\">\n<blockquote class=\"wp-embedded-content\" data-secret=\"V1s3IQIvpa\"><a href=\"http:\/\/www.luigiaccattoli.it\/blog\/don-fabio-stevanazzi-che-e-tornato-medico-in-pandemia\/\">Don Fabio Stevanazzi che torna medico in pandemia<\/a><\/blockquote><iframe loading=\"lazy\" class=\"wp-embedded-content\" sandbox=\"allow-scripts\" security=\"restricted\" style=\"position: absolute; clip: rect(1px, 1px, 1px, 1px);\" title=\"&#8220;Don Fabio Stevanazzi che torna medico in pandemia&#8221; &#8212; Il blog di Luigi Accattoli\" src=\"http:\/\/www.luigiaccattoli.it\/blog\/don-fabio-stevanazzi-che-e-tornato-medico-in-pandemia\/embed\/#?secret=EKb9e3EmH5#?secret=V1s3IQIvpa\" data-secret=\"V1s3IQIvpa\" width=\"500\" height=\"282\" frameborder=\"0\" marginwidth=\"0\" marginheight=\"0\" scrolling=\"no\"><\/iframe>\n<\/div><\/figure>\n\n\n\n<figure class=\"wp-block-embed is-type-wp-embed is-provider-il-blog-di-luigi-accattoli wp-block-embed-il-blog-di-luigi-accattoli\"><div class=\"wp-block-embed__wrapper\">\n<blockquote class=\"wp-embedded-content\" data-secret=\"J11FewmnvZ\"><a href=\"http:\/\/www.luigiaccattoli.it\/blog\/bettoni-la-pandemia-mi-ha-ridato-la-passione-del-medico\/\">Bettoni: la pandemia mi ha ridato la passione del medico<\/a><\/blockquote><iframe loading=\"lazy\" class=\"wp-embedded-content\" sandbox=\"allow-scripts\" security=\"restricted\" style=\"position: absolute; clip: rect(1px, 1px, 1px, 1px);\" title=\"&#8220;Bettoni: la pandemia mi ha ridato la passione del medico&#8221; &#8212; Il blog di Luigi Accattoli\" src=\"http:\/\/www.luigiaccattoli.it\/blog\/bettoni-la-pandemia-mi-ha-ridato-la-passione-del-medico\/embed\/#?secret=7Y6JEeOpGs#?secret=J11FewmnvZ\" data-secret=\"J11FewmnvZ\" width=\"500\" height=\"282\" frameborder=\"0\" marginwidth=\"0\" marginheight=\"0\" scrolling=\"no\"><\/iframe>\n<\/div><\/figure>\n\n\n\n<figure class=\"wp-block-embed is-type-wp-embed is-provider-il-blog-di-luigi-accattoli wp-block-embed-il-blog-di-luigi-accattoli\"><div class=\"wp-block-embed__wrapper\">\n<blockquote class=\"wp-embedded-content\" data-secret=\"voFWh0jrr8\"><a href=\"http:\/\/www.luigiaccattoli.it\/blog\/ennio-apeciti-sentivo-dessere-arrivato-alla-fine\/\">Ennio Apeciti: sentivo d\u2019essere arrivato alla fine<\/a><\/blockquote><iframe loading=\"lazy\" class=\"wp-embedded-content\" sandbox=\"allow-scripts\" security=\"restricted\" style=\"position: absolute; clip: rect(1px, 1px, 1px, 1px);\" title=\"&#8220;Ennio Apeciti: sentivo d\u2019essere arrivato alla fine&#8221; &#8212; Il blog di Luigi Accattoli\" src=\"http:\/\/www.luigiaccattoli.it\/blog\/ennio-apeciti-sentivo-dessere-arrivato-alla-fine\/embed\/#?secret=fSUMWjpc79#?secret=voFWh0jrr8\" data-secret=\"voFWh0jrr8\" width=\"500\" height=\"282\" frameborder=\"0\" marginwidth=\"0\" marginheight=\"0\" scrolling=\"no\"><\/iframe>\n<\/div><\/figure>\n\n\n\n<figure class=\"wp-block-embed is-type-wp-embed is-provider-il-blog-di-luigi-accattoli wp-block-embed-il-blog-di-luigi-accattoli\"><div class=\"wp-block-embed__wrapper\">\n<blockquote class=\"wp-embedded-content\" data-secret=\"RwUEbTnqPG\"><a href=\"http:\/\/www.luigiaccattoli.it\/blog\/in-pandemia-con-linfermiere-che-accompagna-il-prete\/\">In pandemia con l&#8217;infermiere che accompagna il prete<\/a><\/blockquote><iframe loading=\"lazy\" class=\"wp-embedded-content\" sandbox=\"allow-scripts\" security=\"restricted\" style=\"position: absolute; clip: rect(1px, 1px, 1px, 1px);\" title=\"&#8220;In pandemia con l&#8217;infermiere che accompagna il prete&#8221; &#8212; Il blog di Luigi Accattoli\" src=\"http:\/\/www.luigiaccattoli.it\/blog\/in-pandemia-con-linfermiere-che-accompagna-il-prete\/embed\/#?secret=f9umbSSdYk#?secret=RwUEbTnqPG\" data-secret=\"RwUEbTnqPG\" width=\"500\" height=\"282\" frameborder=\"0\" marginwidth=\"0\" marginheight=\"0\" scrolling=\"no\"><\/iframe>\n<\/div><\/figure>\n\n\n\n<figure class=\"wp-block-embed is-type-wp-embed is-provider-il-blog-di-luigi-accattoli wp-block-embed-il-blog-di-luigi-accattoli\"><div class=\"wp-block-embed__wrapper\">\n<blockquote class=\"wp-embedded-content\" data-secret=\"XFpp1iVlz3\"><a href=\"http:\/\/www.luigiaccattoli.it\/blog\/romano-colozzi-paura-e-grazia-in-terapia-intensiva\/\">Romano Colozzi: paura e grazia in terapia intensiva<\/a><\/blockquote><iframe loading=\"lazy\" class=\"wp-embedded-content\" sandbox=\"allow-scripts\" security=\"restricted\" style=\"position: absolute; clip: rect(1px, 1px, 1px, 1px);\" title=\"&#8220;Romano Colozzi: paura e grazia in terapia intensiva&#8221; &#8212; Il blog di Luigi Accattoli\" src=\"http:\/\/www.luigiaccattoli.it\/blog\/romano-colozzi-paura-e-grazia-in-terapia-intensiva\/embed\/#?secret=kq6mX3HbRE#?secret=XFpp1iVlz3\" data-secret=\"XFpp1iVlz3\" width=\"500\" height=\"282\" frameborder=\"0\" marginwidth=\"0\" marginheight=\"0\" scrolling=\"no\"><\/iframe>\n<\/div><\/figure>\n\n\n\n<figure class=\"wp-block-embed is-type-wp-embed is-provider-il-blog-di-luigi-accattoli wp-block-embed-il-blog-di-luigi-accattoli\"><div class=\"wp-block-embed__wrapper\">\n<blockquote class=\"wp-embedded-content\" data-secret=\"luQYv7cPOm\"><a href=\"http:\/\/www.luigiaccattoli.it\/blog\/a-don-orlando-che-era-contento-di-questa-esperienza\/\">A don Orlando che era \u201ccontento di questa esperienza\u201d<\/a><\/blockquote><iframe loading=\"lazy\" class=\"wp-embedded-content\" sandbox=\"allow-scripts\" security=\"restricted\" style=\"position: absolute; clip: rect(1px, 1px, 1px, 1px);\" title=\"&#8220;A don Orlando che era \u201ccontento di questa esperienza\u201d&#8221; &#8212; Il blog di Luigi Accattoli\" src=\"http:\/\/www.luigiaccattoli.it\/blog\/a-don-orlando-che-era-contento-di-questa-esperienza\/embed\/#?secret=9Ie646wwe5#?secret=luQYv7cPOm\" data-secret=\"luQYv7cPOm\" width=\"500\" height=\"282\" frameborder=\"0\" marginwidth=\"0\" marginheight=\"0\" scrolling=\"no\"><\/iframe>\n<\/div><\/figure>\n\n\n\n<figure class=\"wp-block-embed is-type-wp-embed is-provider-il-blog-di-luigi-accattoli wp-block-embed-il-blog-di-luigi-accattoli\"><div class=\"wp-block-embed__wrapper\">\n<blockquote class=\"wp-embedded-content\" data-secret=\"d7REdio9B4\"><a href=\"http:\/\/www.luigiaccattoli.it\/blog\/piero-rattin-siamo-foglie-secche-e-anche-la-fede-e-povera\/\">Piero Rattin: siamo foglie secche e anche la fede \u00e8 povera<\/a><\/blockquote><iframe loading=\"lazy\" class=\"wp-embedded-content\" sandbox=\"allow-scripts\" security=\"restricted\" style=\"position: absolute; clip: rect(1px, 1px, 1px, 1px);\" title=\"&#8220;Piero Rattin: siamo foglie secche e anche la fede \u00e8 povera&#8221; &#8212; Il blog di Luigi Accattoli\" src=\"http:\/\/www.luigiaccattoli.it\/blog\/piero-rattin-siamo-foglie-secche-e-anche-la-fede-e-povera\/embed\/#?secret=NuBEtiQXAH#?secret=d7REdio9B4\" data-secret=\"d7REdio9B4\" width=\"500\" height=\"282\" frameborder=\"0\" marginwidth=\"0\" marginheight=\"0\" scrolling=\"no\"><\/iframe>\n<\/div><\/figure>\n\n\n\n<figure class=\"wp-block-embed is-type-wp-embed is-provider-il-blog-di-luigi-accattoli wp-block-embed-il-blog-di-luigi-accattoli\"><div class=\"wp-block-embed__wrapper\">\n<blockquote class=\"wp-embedded-content\" data-secret=\"2Hv0fCvYL6\"><a href=\"http:\/\/www.luigiaccattoli.it\/blog\/vittorio-canepa-ora-tutto-mi-sembra-nuovo\/\">Vittorio Canepa: &#8220;Ora tutto mi sembra nuovo&#8221;<\/a><\/blockquote><iframe loading=\"lazy\" class=\"wp-embedded-content\" sandbox=\"allow-scripts\" security=\"restricted\" style=\"position: absolute; clip: rect(1px, 1px, 1px, 1px);\" title=\"&#8220;Vittorio Canepa: &#8220;Ora tutto mi sembra nuovo&#8221;&#8221; &#8212; Il blog di Luigi Accattoli\" src=\"http:\/\/www.luigiaccattoli.it\/blog\/vittorio-canepa-ora-tutto-mi-sembra-nuovo\/embed\/#?secret=V4GDGsTfL5#?secret=2Hv0fCvYL6\" data-secret=\"2Hv0fCvYL6\" width=\"500\" height=\"282\" frameborder=\"0\" marginwidth=\"0\" marginheight=\"0\" scrolling=\"no\"><\/iframe>\n<\/div><\/figure>\n\n\n\n<figure class=\"wp-block-embed is-type-wp-embed is-provider-il-blog-di-luigi-accattoli wp-block-embed-il-blog-di-luigi-accattoli\"><div class=\"wp-block-embed__wrapper\">\n<blockquote class=\"wp-embedded-content\" data-secret=\"DkQzVvFqC4\"><a href=\"http:\/\/www.luigiaccattoli.it\/blog\/cerco-storie-di-guariti-parto-dal-vescovo-olivero\/\">Cerco storie di pandemia: parto dal vescovo Olivero<\/a><\/blockquote><iframe loading=\"lazy\" class=\"wp-embedded-content\" sandbox=\"allow-scripts\" security=\"restricted\" style=\"position: absolute; clip: rect(1px, 1px, 1px, 1px);\" title=\"&#8220;Cerco storie di pandemia: parto dal vescovo Olivero&#8221; &#8212; Il blog di Luigi Accattoli\" src=\"http:\/\/www.luigiaccattoli.it\/blog\/cerco-storie-di-guariti-parto-dal-vescovo-olivero\/embed\/#?secret=sQhUxYmYZD#?secret=DkQzVvFqC4\" data-secret=\"DkQzVvFqC4\" width=\"500\" height=\"282\" frameborder=\"0\" marginwidth=\"0\" marginheight=\"0\" scrolling=\"no\"><\/iframe>\n<\/div><\/figure>\n\n\n\n<figure class=\"wp-block-embed is-type-wp-embed is-provider-il-blog-di-luigi-accattoli wp-block-embed-il-blog-di-luigi-accattoli\"><div class=\"wp-block-embed__wrapper\">\n<blockquote class=\"wp-embedded-content\" data-secret=\"9UgiOPaj0x\"><a href=\"http:\/\/www.luigiaccattoli.it\/blog\/sansa-cosi-il-venerdi-santo-ho-accompagnato-mia-moglie\/\">Sansa: cos\u00ec il Venerd\u00ec Santo ho accompagnato mia moglie<\/a><\/blockquote><iframe loading=\"lazy\" class=\"wp-embedded-content\" sandbox=\"allow-scripts\" security=\"restricted\" style=\"position: absolute; clip: rect(1px, 1px, 1px, 1px);\" title=\"&#8220;Sansa: cos\u00ec il Venerd\u00ec Santo ho accompagnato mia moglie&#8221; &#8212; Il blog di Luigi Accattoli\" src=\"http:\/\/www.luigiaccattoli.it\/blog\/sansa-cosi-il-venerdi-santo-ho-accompagnato-mia-moglie\/embed\/#?secret=KoXlnFMvpg#?secret=9UgiOPaj0x\" data-secret=\"9UgiOPaj0x\" width=\"500\" height=\"282\" frameborder=\"0\" marginwidth=\"0\" marginheight=\"0\" scrolling=\"no\"><\/iframe>\n<\/div><\/figure>\n\n\n\n<figure class=\"wp-block-embed is-type-wp-embed is-provider-il-blog-di-luigi-accattoli wp-block-embed-il-blog-di-luigi-accattoli\"><div class=\"wp-block-embed__wrapper\">\n<blockquote class=\"wp-embedded-content\" data-secret=\"ks3soRros3\"><a href=\"http:\/\/www.luigiaccattoli.it\/blog\/vescovo-napolioni-e-cristo-che-si-prende-cura-di-cristo\/\">Vescovo Napolioni: quando Cristo si prende cura di Cristo<\/a><\/blockquote><iframe loading=\"lazy\" class=\"wp-embedded-content\" sandbox=\"allow-scripts\" security=\"restricted\" style=\"position: absolute; clip: rect(1px, 1px, 1px, 1px);\" title=\"&#8220;Vescovo Napolioni: quando Cristo si prende cura di Cristo&#8221; &#8212; Il blog di Luigi Accattoli\" src=\"http:\/\/www.luigiaccattoli.it\/blog\/vescovo-napolioni-e-cristo-che-si-prende-cura-di-cristo\/embed\/#?secret=6F35jLvw5B#?secret=ks3soRros3\" data-secret=\"ks3soRros3\" width=\"500\" height=\"282\" frameborder=\"0\" marginwidth=\"0\" marginheight=\"0\" scrolling=\"no\"><\/iframe>\n<\/div><\/figure>\n","protected":false},"excerpt":{"rendered":"<p>Raccolgo sotto questo titolo storie di morti, di guariti che hanno sperimentato terapie invasive, di persone che si sono distinte nel lavoro ospedaliero, nel soccorso a domicilio e in altre&#8230;<\/p>\n<div class=\"more-link-wrapper\"><a class=\"more-link\" href=\"http:\/\/www.luigiaccattoli.it\/blog\/cerco-fatti-di-vangelo\/22-storie-di-pandemia\/\">Read More<span class=\"screen-reader-text\">22. Storie di pandemia<\/span><\/a><\/div>\n","protected":false},"author":1,"featured_media":0,"parent":12,"menu_order":0,"comment_status":"closed","ping_status":"closed","template":"","meta":{"_monsterinsights_skip_tracking":false,"_monsterinsights_sitenote_active":false,"_monsterinsights_sitenote_note":"","_monsterinsights_sitenote_category":0,"footnotes":""},"class_list":["post-25009","page","type-page","status-publish","hentry","excerpt"],"_links":{"self":[{"href":"http:\/\/www.luigiaccattoli.it\/blog\/wp-json\/wp\/v2\/pages\/25009","targetHints":{"allow":["GET"]}}],"collection":[{"href":"http:\/\/www.luigiaccattoli.it\/blog\/wp-json\/wp\/v2\/pages"}],"about":[{"href":"http:\/\/www.luigiaccattoli.it\/blog\/wp-json\/wp\/v2\/types\/page"}],"author":[{"embeddable":true,"href":"http:\/\/www.luigiaccattoli.it\/blog\/wp-json\/wp\/v2\/users\/1"}],"replies":[{"embeddable":true,"href":"http:\/\/www.luigiaccattoli.it\/blog\/wp-json\/wp\/v2\/comments?post=25009"}],"version-history":[{"count":26,"href":"http:\/\/www.luigiaccattoli.it\/blog\/wp-json\/wp\/v2\/pages\/25009\/revisions"}],"predecessor-version":[{"id":26502,"href":"http:\/\/www.luigiaccattoli.it\/blog\/wp-json\/wp\/v2\/pages\/25009\/revisions\/26502"}],"up":[{"embeddable":true,"href":"http:\/\/www.luigiaccattoli.it\/blog\/wp-json\/wp\/v2\/pages\/12"}],"wp:attachment":[{"href":"http:\/\/www.luigiaccattoli.it\/blog\/wp-json\/wp\/v2\/media?parent=25009"}],"curies":[{"name":"wp","href":"https:\/\/api.w.org\/{rel}","templated":true}]}}